{"id":239,"date":"2017-10-05T21:12:54","date_gmt":"2017-10-05T19:12:54","guid":{"rendered":"https:\/\/economiasbioregionales.org\/?page_id=239"},"modified":"2023-12-01T11:01:06","modified_gmt":"2023-12-01T09:01:06","slug":"servicios","status":"publish","type":"page","link":"https:\/\/economiasbioregionales.org\/en\/servicios\/","title":{"rendered":"SERVICES"},"content":{"rendered":"<p>[et_pb_section fb_built=\u00bb1&#8243; admin_label=\u00bbAbout Us Section\u00bb _builder_version=\u00bb4.23&#8243; background_color=\u00bb#CFCE8D\u00bb background_image=\u00bbhttps:\/\/economiasbioregionales.org\/wp-content\/uploads\/2023\/12\/markus-spiske-4PG6wLlVag4-unsplash-scaled.jpg\u00bb width=\u00bb100%\u00bb max_width=\u00bb100%\u00bb custom_margin=\u00bb|5%||0%||\u00bb custom_margin_tablet=\u00bb\u00bb custom_margin_phone=\u00bb|0px||0px\u00bb custom_margin_last_edited=\u00bbon|phone\u00bb custom_padding=\u00bb10%|0px||||\u00bb animation_style=\u00bbzoom\u00bb animation_direction=\u00bbtop\u00bb animation_intensity_zoom=\u00bb5%\u00bb box_shadow_style=\u00bbpreset7&#8243; box_shadow_horizontal=\u00bb0px\u00bb box_shadow_vertical=\u00bb-200px\u00bb box_shadow_color=\u00bb#ffffff\u00bb global_colors_info=\u00bb{}\u00bb][et_pb_row column_structure=\u00bb2_3,1_3&#8243; admin_label=\u00bbAbout Us Area\u00bb _builder_version=\u00bb4.16&#8243; background_color=\u00bbRGBA(0,0,0,0)\u00bb background_size=\u00bbinitial\u00bb background_position=\u00bbtop_left\u00bb background_repeat=\u00bbrepeat\u00bb custom_padding=\u00bb27px|0px|0px|0px\u00bb border_color_all=\u00bb#A1B785&#8243; border_width_left=\u00bb12px\u00bb global_colors_info=\u00bb{}\u00bb][et_pb_column type=\u00bb2_3&#8243; _builder_version=\u00bb4.16&#8243; custom_padding=\u00bb|||\u00bb global_colors_info=\u00bb{}\u00bb custom_padding__hover=\u00bb|||\u00bb][et_pb_text admin_label=\u00bbTitle\u00bb _builder_version=\u00bb4.23&#8243; _module_preset=\u00bbca193ee9-c11a-4f70-83bb-26d05ff6f1c1&#8243; text_font=\u00bbKarla||||||||\u00bb text_text_color=\u00bb#747d88&#8243; text_line_height=\u00bb1.9em\u00bb header_text_align=\u00bbleft\u00bb header_2_font=\u00bbMontserrat|700||on|||||\u00bb header_2_font_size=\u00bb42px\u00bb header_2_line_height=\u00bb1.3em\u00bb background_color=\u00bb#f7f7f7&#8243; background_size=\u00bbinitial\u00bb background_position=\u00bbtop_left\u00bb background_repeat=\u00bbrepeat\u00bb max_width=\u00bb700px\u00bb module_alignment=\u00bbleft\u00bb min_height=\u00bb298px\u00bb custom_margin=\u00bb||-91px|||\u00bb custom_padding=\u00bb10%|10%|0.2%|10%||\u00bb animation_style=\u00bbslide\u00bb animation_direction=\u00bbbottom\u00bb animation_intensity_slide=\u00bb4%\u00bb animation_starting_opacity=\u00bb100%\u00bb box_shadow_style=\u00bbpreset1&#8243; box_shadow_color=\u00bbrgba(0,0,0,0.15)\u00bb locked=\u00bboff\u00bb inline_fonts=\u00bbRoboto,Karla\u00bb global_colors_info=\u00bb{}\u00bb]<\/p>\n<h1>OUR SERVICES<\/h1>\n<p>We are specialized in agroecology, agrocomposting, urban and rural metabolism, social and complementary currencies, local socioeconomic revitalization, communication and community making.<\/p>\n<p>[\/et_pb_text][\/et_pb_column][et_pb_column type=\u00bb1_3&#8243; _builder_version=\u00bb4.23&#8243; custom_padding=\u00bb|||\u00bb global_colors_info=\u00bb{}\u00bb custom_padding__hover=\u00bb|||\u00bb][\/et_pb_column][\/et_pb_row][\/et_pb_section][et_pb_section fb_built=\u00bb1&#8243; _builder_version=\u00bb4.23&#8243; _module_preset=\u00bbdefault\u00bb global_colors_info=\u00bb{}\u00bb][et_pb_row column_structure=\u00bb1_2,1_2&#8243; use_custom_gutter=\u00bbon\u00bb make_equal=\u00bbon\u00bb custom_padding_last_edited=\u00bboff|desktop\u00bb _builder_version=\u00bb4.23&#8243; _module_preset=\u00bbdefault\u00bb custom_padding=\u00bb0px||0px||false|false\u00bb hover_enabled=\u00bb0&#8243; global_colors_info=\u00bb{}\u00bb gutter_width=\u00bb1&#8243; sticky_enabled=\u00bb0&#8243; width=\u00bb85%\u00bb max_width=\u00bb85%\u00bb module_alignment=\u00bbcenter\u00bb][et_pb_column type=\u00bb1_2&#8243; _builder_version=\u00bb4.23&#8243; _module_preset=\u00bbdefault\u00bb custom_padding=\u00bb80px|80px|80px|80px|true|true\u00bb hover_enabled=\u00bb0&#8243; global_colors_info=\u00bb{}\u00bb sticky_enabled=\u00bb0&#8243;][et_pb_text _builder_version=\u00bb4.23&#8243; _module_preset=\u00bbca193ee9-c11a-4f70-83bb-26d05ff6f1c1&#8243; text_orientation=\u00bbcenter\u00bb hover_enabled=\u00bb0&#8243; global_colors_info=\u00bb{}\u00bb sticky_enabled=\u00bb0&#8243;]<\/p>\n<h2>Local sustainable development<\/h2>\n<p>We embed ourselves in the heart of communities, weaving together a future where local thrinving and sustainability harmoniously intertwine. We collaborate with leaders and citizens to cultivate development rooted in shared values, driving community well-being and environmental preservation.<\/p>\n<p>[\/et_pb_text][\/et_pb_column][et_pb_column type=\u00bb1_2&#8243; _builder_version=\u00bb4.23&#8243; _module_preset=\u00bbdefault\u00bb background_image=\u00bbhttps:\/\/economiasbioregionales.org\/wp-content\/uploads\/2023\/11\/gabriel-jimenez-jin4W1HqgL4-unsplash-scaled-1.jpg\u00bb global_colors_info=\u00bb{}\u00bb][et_pb_divider show_divider=\u00bboff\u00bb _builder_version=\u00bb4.23&#8243; _module_preset=\u00bbdefault\u00bb min_height=\u00bb300px\u00bb global_colors_info=\u00bb{}\u00bb][\/et_pb_divider][\/et_pb_column][\/et_pb_row][et_pb_row column_structure=\u00bb1_2,1_2&#8243; use_custom_gutter=\u00bbon\u00bb make_equal=\u00bbon\u00bb custom_padding_last_edited=\u00bboff|desktop\u00bb _builder_version=\u00bb4.23&#8243; _module_preset=\u00bbdefault\u00bb custom_padding=\u00bb0px||0px||false|false\u00bb hover_enabled=\u00bb0&#8243; global_colors_info=\u00bb{}\u00bb gutter_width=\u00bb1&#8243; sticky_enabled=\u00bb0&#8243; width=\u00bb85%\u00bb max_width=\u00bb85%\u00bb module_alignment=\u00bbcenter\u00bb module_class=\u00bbfila_inversa\u00bb][et_pb_column type=\u00bb1_2&#8243; _builder_version=\u00bb4.23&#8243; _module_preset=\u00bbdefault\u00bb background_image=\u00bbhttps:\/\/economiasbioregionales.org\/wp-content\/uploads\/2023\/11\/edward-howell-v7G32kVgM84-unsplash-1-scaled-1.jpg\u00bb hover_enabled=\u00bb0&#8243; global_colors_info=\u00bb{}\u00bb title_text=\u00bbedward-howell-v7G32kVgM84-unsplash-1-scaled-1&#8243; sticky_enabled=\u00bb0&#8243; alt=\u00bbgestion residuos\u00bb][et_pb_divider show_divider=\u00bboff\u00bb _builder_version=\u00bb4.23&#8243; _module_preset=\u00bbdefault\u00bb min_height=\u00bb300px\u00bb global_colors_info=\u00bb{}\u00bb][\/et_pb_divider][\/et_pb_column][et_pb_column type=\u00bb1_2&#8243; _builder_version=\u00bb4.23&#8243; _module_preset=\u00bbdefault\u00bb custom_padding=\u00bb80px|80px|80px|80px|true|true\u00bb hover_enabled=\u00bb0&#8243; global_colors_info=\u00bb{}\u00bb sticky_enabled=\u00bb0&#8243;][et_pb_text _builder_version=\u00bb4.23&#8243; _module_preset=\u00bbca193ee9-c11a-4f70-83bb-26d05ff6f1c1&#8243; text_orientation=\u00bbcenter\u00bb hover_enabled=\u00bb0&#8243; global_colors_info=\u00bb{}\u00bb sticky_enabled=\u00bb0&#8243;]<\/p>\n<h2><strong>Waste management<\/strong><\/h2>\n<p>Our mission is to redefine organic waste management, transcending conventional boundaries. From reduction initiatives to innovative recycling solutions, we work closely with the community to trigger meaningful change. Together, we build a path to a cleaner, more sustainable future.<\/p>\n<p>[\/et_pb_text][\/et_pb_column][\/et_pb_row][et_pb_row column_structure=\u00bb1_2,1_2&#8243; use_custom_gutter=\u00bbon\u00bb make_equal=\u00bbon\u00bb custom_padding_last_edited=\u00bboff|desktop\u00bb _builder_version=\u00bb4.23&#8243; _module_preset=\u00bbdefault\u00bb custom_padding=\u00bb0px||0px||false|false\u00bb hover_enabled=\u00bb0&#8243; global_colors_info=\u00bb{}\u00bb gutter_width=\u00bb1&#8243; sticky_enabled=\u00bb0&#8243; width=\u00bb85%\u00bb max_width=\u00bb85%\u00bb module_alignment=\u00bbcenter\u00bb][et_pb_column type=\u00bb1_2&#8243; _builder_version=\u00bb4.23&#8243; _module_preset=\u00bbdefault\u00bb custom_padding=\u00bb80px|80px|80px|80px|true|true\u00bb hover_enabled=\u00bb0&#8243; global_colors_info=\u00bb{}\u00bb sticky_enabled=\u00bb0&#8243;][et_pb_text _builder_version=\u00bb4.23&#8243; _module_preset=\u00bbca193ee9-c11a-4f70-83bb-26d05ff6f1c1&#8243; text_orientation=\u00bbcenter\u00bb hover_enabled=\u00bb0&#8243; global_colors_info=\u00bb{}\u00bb sticky_enabled=\u00bb0&#8243;]<\/p>\n<h2><strong>Complementary currency<\/strong><\/h2>\n<p>At the heart of our vision is the strength of social and complementary currencies, a driving force for a vibrant local economy. By promoting exchange in local currencies, we foster a network of support that directly benefits local businesses and promotes a virtuous cycle of community prosperity.<\/p>\n<p>[\/et_pb_text][\/et_pb_column][et_pb_column type=\u00bb1_2&#8243; _builder_version=\u00bb4.23&#8243; _module_preset=\u00bbdefault\u00bb background_image=\u00bbhttps:\/\/economiasbioregionales.org\/wp-content\/uploads\/2023\/12\/pille-r-priske-9ElMIArPjVQ-unsplash-scaled.jpg\u00bb hover_enabled=\u00bb0&#8243; global_colors_info=\u00bb{}\u00bb title_text=\u00bbpille-r-priske-9ElMIArPjVQ-unsplash\u00bb sticky_enabled=\u00bb0&#8243; alt=\u00bbmoneda alternativa\u00bb][et_pb_divider show_divider=\u00bboff\u00bb _builder_version=\u00bb4.23&#8243; _module_preset=\u00bbdefault\u00bb min_height=\u00bb300px\u00bb hover_enabled=\u00bb0&#8243; global_colors_info=\u00bb{}\u00bb sticky_enabled=\u00bb0&#8243;][\/et_pb_divider][\/et_pb_column][\/et_pb_row][et_pb_row column_structure=\u00bb1_2,1_2&#8243; use_custom_gutter=\u00bbon\u00bb make_equal=\u00bbon\u00bb custom_padding_last_edited=\u00bboff|desktop\u00bb _builder_version=\u00bb4.23&#8243; _module_preset=\u00bbdefault\u00bb custom_padding=\u00bb0px||0px||false|false\u00bb hover_enabled=\u00bb0&#8243; global_colors_info=\u00bb{}\u00bb gutter_width=\u00bb1&#8243; sticky_enabled=\u00bb0&#8243; width=\u00bb85%\u00bb max_width=\u00bb85%\u00bb module_alignment=\u00bbcenter\u00bb module_class=\u00bbfila_inversa\u00bb][et_pb_column type=\u00bb1_2&#8243; _builder_version=\u00bb4.23&#8243; _module_preset=\u00bbdefault\u00bb background_image=\u00bbhttps:\/\/economiasbioregionales.org\/wp-content\/uploads\/2023\/12\/martin-sepion-F9LRM5rq03Q-unsplash-scaled.jpg\u00bb hover_enabled=\u00bb0&#8243; global_colors_info=\u00bb{}\u00bb title_text=\u00bbmartin-sepion-F9LRM5rq03Q-unsplash\u00bb sticky_enabled=\u00bb0&#8243; alt=\u00bbformacion \u00ab][et_pb_divider show_divider=\u00bboff\u00bb _builder_version=\u00bb4.23&#8243; _module_preset=\u00bbdefault\u00bb min_height=\u00bb300px\u00bb global_colors_info=\u00bb{}\u00bb][\/et_pb_divider][\/et_pb_column][et_pb_column type=\u00bb1_2&#8243; _builder_version=\u00bb4.23&#8243; _module_preset=\u00bbdefault\u00bb custom_padding=\u00bb80px|80px|80px|80px|true|true\u00bb hover_enabled=\u00bb0&#8243; global_colors_info=\u00bb{}\u00bb sticky_enabled=\u00bb0&#8243;][et_pb_text _builder_version=\u00bb4.23&#8243; _module_preset=\u00bbca193ee9-c11a-4f70-83bb-26d05ff6f1c1&#8243; text_orientation=\u00bbcenter\u00bb hover_enabled=\u00bb0&#8243; global_colors_info=\u00bb{}\u00bb sticky_enabled=\u00bb0&#8243;]<\/p>\n<h2>Training and sensitizing<\/h2>\n<p>We open the gates to transformation through education and awareness. Our programs not only provide knowledge, but mainly inspire the community to embrace sustainable practices. Together, we build a solid foundation for a conscious and engaged future.<\/p>\n<p>[\/et_pb_text][\/et_pb_column][\/et_pb_row][et_pb_row column_structure=\u00bb1_2,1_2&#8243; use_custom_gutter=\u00bbon\u00bb make_equal=\u00bbon\u00bb custom_padding_last_edited=\u00bboff|desktop\u00bb _builder_version=\u00bb4.23&#8243; _module_preset=\u00bbdefault\u00bb custom_padding=\u00bb0px||0px||false|false\u00bb hover_enabled=\u00bb0&#8243; global_colors_info=\u00bb{}\u00bb gutter_width=\u00bb1&#8243; sticky_enabled=\u00bb0&#8243; width=\u00bb85%\u00bb max_width=\u00bb85%\u00bb module_alignment=\u00bbcenter\u00bb][et_pb_column type=\u00bb1_2&#8243; _builder_version=\u00bb4.23&#8243; _module_preset=\u00bbdefault\u00bb custom_padding=\u00bb80px|80px|80px|80px|true|true\u00bb hover_enabled=\u00bb0&#8243; global_colors_info=\u00bb{}\u00bb sticky_enabled=\u00bb0&#8243;][et_pb_text _builder_version=\u00bb4.23&#8243; _module_preset=\u00bbca193ee9-c11a-4f70-83bb-26d05ff6f1c1&#8243; text_orientation=\u00bbcenter\u00bb hover_enabled=\u00bb0&#8243; global_colors_info=\u00bb{}\u00bb sticky_enabled=\u00bb0&#8243;]<\/p>\n<h2><strong>Research and diagnosis<\/strong><\/h2>\n<p>Our commitment to research goes beyond numbers; it is a compass for community development. By revealing detailed diagnostics, we light the path to informed decisions that drive sustainable progress and improve quality of life.<\/p>\n<p>[\/et_pb_text][\/et_pb_column][et_pb_column type=\u00bb1_2&#8243; _builder_version=\u00bb4.23&#8243; _module_preset=\u00bbdefault\u00bb background_image=\u00bbhttps:\/\/economiasbioregionales.org\/wp-content\/uploads\/2023\/12\/dan-dimmock-3mt71MKGjQ0-unsplash-scaled.jpg\u00bb hover_enabled=\u00bb0&#8243; global_colors_info=\u00bb{}\u00bb alt=\u00bbinvestigacion\u00bb title_text=\u00bbdan-dimmock-3mt71MKGjQ0-unsplash\u00bb sticky_enabled=\u00bb0&#8243;][et_pb_divider show_divider=\u00bboff\u00bb _builder_version=\u00bb4.23&#8243; _module_preset=\u00bbdefault\u00bb min_height=\u00bb300px\u00bb global_colors_info=\u00bb{}\u00bb][\/et_pb_divider][\/et_pb_column][\/et_pb_row][et_pb_row column_structure=\u00bb1_2,1_2&#8243; use_custom_gutter=\u00bbon\u00bb make_equal=\u00bbon\u00bb custom_padding_last_edited=\u00bboff|desktop\u00bb _builder_version=\u00bb4.23&#8243; _module_preset=\u00bbdefault\u00bb custom_padding=\u00bb0px||0px||false|false\u00bb hover_enabled=\u00bb0&#8243; global_colors_info=\u00bb{}\u00bb gutter_width=\u00bb1&#8243; sticky_enabled=\u00bb0&#8243; width=\u00bb85%\u00bb max_width=\u00bb85%\u00bb module_alignment=\u00bbcenter\u00bb module_class=\u00bbfila_inversa\u00bb][et_pb_column type=\u00bb1_2&#8243; _builder_version=\u00bb4.23&#8243; _module_preset=\u00bbdefault\u00bb background_image=\u00bbhttps:\/\/economiasbioregionales.org\/wp-content\/uploads\/2023\/11\/FeriaAsociacionesHortaleza-scaled-1.jpg\u00bb hover_enabled=\u00bb0&#8243; global_colors_info=\u00bb{}\u00bb title_text=\u00bbFeriaAsociacionesHortaleza-scaled-1&#8243; sticky_enabled=\u00bb0&#8243; alt=\u00bbformacion \u00ab][et_pb_divider show_divider=\u00bboff\u00bb _builder_version=\u00bb4.23&#8243; _module_preset=\u00bbdefault\u00bb min_height=\u00bb300px\u00bb global_colors_info=\u00bb{}\u00bb][\/et_pb_divider][\/et_pb_column][et_pb_column type=\u00bb1_2&#8243; _builder_version=\u00bb4.23&#8243; _module_preset=\u00bbdefault\u00bb custom_padding=\u00bb80px|80px|80px|80px|true|true\u00bb hover_enabled=\u00bb0&#8243; global_colors_info=\u00bb{}\u00bb sticky_enabled=\u00bb0&#8243;][et_pb_text _builder_version=\u00bb4.23&#8243; _module_preset=\u00bbca193ee9-c11a-4f70-83bb-26d05ff6f1c1&#8243; text_orientation=\u00bbcenter\u00bb hover_enabled=\u00bb0&#8243; global_colors_info=\u00bb{}\u00bb sticky_enabled=\u00bb0&#8243;]<\/p>\n<h2><strong>Communication and community<\/strong><\/h2>\n<p>We weave stories that unite hearts and minds, strengthening community ties through effective communication. By highlighting local voices and facilitating dialogue, we create a resilient social fabric that nurtures active participation in projects that define the future of the community.<\/p>\n<p>[\/et_pb_text][\/et_pb_column][\/et_pb_row][\/et_pb_section][et_pb_section fb_built=\u00bb1&#8243; _builder_version=\u00bb4.23&#8243; _module_preset=\u00bbdefault\u00bb background_color=\u00bbgcid-e9c72758-f611-47eb-8cf8-9a2037fc31df\u00bb global_module=\u00bb834&#8243; saved_tabs=\u00bball\u00bb global_colors_info=\u00bb{%22gcid-e9c72758-f611-47eb-8cf8-9a2037fc31df%22:%91%22background_color%22%93}\u00bb][et_pb_row _builder_version=\u00bb4.23&#8243; _module_preset=\u00bbdefault\u00bb global_colors_info=\u00bb{}\u00bb][et_pb_column type=\u00bb4_4&#8243; _builder_version=\u00bb4.23&#8243; _module_preset=\u00bbdefault\u00bb global_colors_info=\u00bb{}\u00bb][et_pb_text _builder_version=\u00bb4.23&#8243; _module_preset=\u00bbdefault\u00bb header_text_color=\u00bbgcid-b1d9d4d0-c3fa-4aee-98f0-6248a9f828a4&#8243; header_2_font=\u00bb|||on|||||\u00bb header_2_text_align=\u00bbcenter\u00bb header_2_text_color=\u00bbgcid-b1d9d4d0-c3fa-4aee-98f0-6248a9f828a4&#8243; border_width_bottom=\u00bb3px\u00bb border_color_bottom=\u00bbgcid-b1d9d4d0-c3fa-4aee-98f0-6248a9f828a4&#8243; global_colors_info=\u00bb{%22gcid-b1d9d4d0-c3fa-4aee-98f0-6248a9f828a4%22:%91%22header_text_color%22,%22header_2_text_color%22,%22border_color_bottom%22%93}\u00bb]<\/p>\n<h2>CONTACT<\/h2>\n<p>[\/et_pb_text][\/et_pb_column][\/et_pb_row][et_pb_row column_structure=\u00bb1_2,1_2&#8243; _builder_version=\u00bb4.23&#8243; _module_preset=\u00bbdefault\u00bb border_width_bottom=\u00bb3px\u00bb border_color_bottom=\u00bbgcid-b1d9d4d0-c3fa-4aee-98f0-6248a9f828a4&#8243; global_colors_info=\u00bb{%22gcid-b1d9d4d0-c3fa-4aee-98f0-6248a9f828a4%22:%91%22header_text_color%22,%22header_2_text_color%22,%22border_color_bottom%22%93}\u00bb][et_pb_column type=\u00bb1_2&#8243; _builder_version=\u00bb4.23&#8243; _module_preset=\u00bbdefault\u00bb global_colors_info=\u00bb{}\u00bb][et_pb_text _builder_version=\u00bb4.23&#8243; _module_preset=\u00bbca193ee9-c11a-4f70-83bb-26d05ff6f1c1&#8243; global_colors_info=\u00bb{}\u00bb]<\/p>\n<p>We design and foster circular economy, innovative food systems and fine-tune transition projects.<\/p>\n<p>[\/et_pb_text][et_pb_blurb title=\u00bbContacto general\u00bb use_icon=\u00bbon\u00bb font_icon=\u00bb&#xf0e0;||fa||900&#8243; icon_color=\u00bbgcid-b1d9d4d0-c3fa-4aee-98f0-6248a9f828a4&#8243; icon_placement=\u00bbleft\u00bb image_icon_width=\u00bb36px\u00bb _builder_version=\u00bb4.23&#8243; _module_preset=\u00bbdefault\u00bb header_level=\u00bbh3&#8243; header_font=\u00bbMontserrat||||||||\u00bb header_text_color=\u00bbgcid-b1d9d4d0-c3fa-4aee-98f0-6248a9f828a4&#8243; body_text_color=\u00bbgcid-b1d9d4d0-c3fa-4aee-98f0-6248a9f828a4&#8243; global_colors_info=\u00bb{%22gcid-b1d9d4d0-c3fa-4aee-98f0-6248a9f828a4%22:%91%22icon_color%22,%22header_text_color%22,%22body_text_color%22%93}\u00bb]<\/p>\n<div class=\"x9f619 x1n2onr6 x1ja2u2z x78zum5 x2lah0s x1nhvcw1 x1qjc9v5 xozqiw3 x1q0g3np xyamay9 xykv574 xbmpl8g x4cne27 xifccgj\">\n<div class=\"x9f619 x1n2onr6 x1ja2u2z x78zum5 xdt5ytf x2lah0s x193iq5w xeuugli xsyo7zv x16hj40l x10b6aqq x1yrsyyn\"><span class=\"x193iq5w xeuugli x13faqbe x1vvkbs xlh3980 xvmahel x1n0sxbx x1lliihq x1s928wv xhkezso x1gmr53x x1cpjm7i x1fgarty x1943h6x xudqn12 x3x7a5m x6prxxf xvq8zen xo1l8bm xzsf02u x1yc453h\" dir=\"auto\">info@economiasbioregionales.org<\/span><\/div>\n<\/div>\n<p>[\/et_pb_blurb][et_pb_blurb title=\u00bbServicios y proyectos\u00bb use_icon=\u00bbon\u00bb font_icon=\u00bb&#xf01c;||fa||900&#8243; icon_color=\u00bbgcid-b1d9d4d0-c3fa-4aee-98f0-6248a9f828a4&#8243; icon_placement=\u00bbleft\u00bb image_icon_width=\u00bb36px\u00bb _builder_version=\u00bb4.23&#8243; _module_preset=\u00bbdefault\u00bb header_level=\u00bbh3&#8243; header_font=\u00bbMontserrat||||||||\u00bb header_text_color=\u00bbgcid-b1d9d4d0-c3fa-4aee-98f0-6248a9f828a4&#8243; body_text_color=\u00bbgcid-b1d9d4d0-c3fa-4aee-98f0-6248a9f828a4&#8243; global_colors_info=\u00bb{%22gcid-b1d9d4d0-c3fa-4aee-98f0-6248a9f828a4%22:%91%22icon_color%22,%22header_text_color%22,%22body_text_color%22%93}\u00bb]<\/p>\n<div class=\"x9f619 x1n2onr6 x1ja2u2z x78zum5 x2lah0s x1nhvcw1 x1qjc9v5 xozqiw3 x1q0g3np xyamay9 xykv574 xbmpl8g x4cne27 xifccgj\">\n<div class=\"x9f619 x1n2onr6 x1ja2u2z x78zum5 xdt5ytf x2lah0s x193iq5w xeuugli xsyo7zv x16hj40l x10b6aqq x1yrsyyn\"><span class=\"x193iq5w xeuugli x13faqbe x1vvkbs xlh3980 xvmahel x1n0sxbx x1lliihq x1s928wv xhkezso x1gmr53x x1cpjm7i x1fgarty x1943h6x xudqn12 x3x7a5m x6prxxf xvq8zen xo1l8bm xzsf02u x1yc453h\" dir=\"auto\">coordinacion@economiasbioregionales.org<\/span><\/div>\n<\/div>\n<p>[\/et_pb_blurb][et_pb_blurb title=\u00bbComunicaci\u00f3n y Comunidad\u00bb use_icon=\u00bbon\u00bb font_icon=\u00bb&#xe065;||divi||400&#8243; icon_color=\u00bbgcid-b1d9d4d0-c3fa-4aee-98f0-6248a9f828a4&#8243; icon_placement=\u00bbleft\u00bb image_icon_width=\u00bb36px\u00bb _builder_version=\u00bb4.23&#8243; _module_preset=\u00bbdefault\u00bb header_level=\u00bbh3&#8243; header_font=\u00bbMontserrat||||||||\u00bb header_text_color=\u00bbgcid-b1d9d4d0-c3fa-4aee-98f0-6248a9f828a4&#8243; body_text_color=\u00bbgcid-b1d9d4d0-c3fa-4aee-98f0-6248a9f828a4&#8243; global_colors_info=\u00bb{%22gcid-b1d9d4d0-c3fa-4aee-98f0-6248a9f828a4%22:%91%22icon_color%22,%22header_text_color%22,%22body_text_color%22%93}\u00bb]<\/p>\n<div class=\"x9f619 x1n2onr6 x1ja2u2z x78zum5 x2lah0s x1nhvcw1 x1qjc9v5 xozqiw3 x1q0g3np xyamay9 xykv574 xbmpl8g x4cne27 xifccgj\">\n<div class=\"x9f619 x1n2onr6 x1ja2u2z x78zum5 xdt5ytf x2lah0s x193iq5w xeuugli xsyo7zv x16hj40l x10b6aqq x1yrsyyn\"><span class=\"x193iq5w xeuugli x13faqbe x1vvkbs xlh3980 xvmahel x1n0sxbx x1lliihq x1s928wv xhkezso x1gmr53x x1cpjm7i x1fgarty x1943h6x xudqn12 x3x7a5m x6prxxf xvq8zen xo1l8bm xzsf02u x1yc453h\" dir=\"auto\">comunicacion@economiasbioregionales.org<\/span><\/div>\n<\/div>\n<p>[\/et_pb_blurb][\/et_pb_column][et_pb_column type=\u00bb1_2&#8243; _builder_version=\u00bb4.23&#8243; _module_preset=\u00bbdefault\u00bb global_colors_info=\u00bb{}\u00bb][et_pb_contact_form captcha=\u00bboff\u00bb email=\u00bboshito.audiovisual@gmail.com\u00bb _builder_version=\u00bb4.23&#8243; _module_preset=\u00bbdefault\u00bb _unique_id=\u00bb6668f4ed-6fb4-41f4-80f9-e503cb2e37fd\u00bb form_field_font=\u00bbMontserrat||||||||\u00bb custom_button=\u00bbon\u00bb button_text_size=\u00bb14px\u00bb button_text_color=\u00bbgcid-b1d9d4d0-c3fa-4aee-98f0-6248a9f828a4&#8243; button_font=\u00bbMontserrat||||||||\u00bb global_colors_info=\u00bb{%22gcid-b1d9d4d0-c3fa-4aee-98f0-6248a9f828a4%22:%91%22button_text_color%22%93}\u00bb][et_pb_contact_field field_id=\u00bbName\u00bb field_title=\u00bbNombre\u00bb _builder_version=\u00bb4.16&#8243; global_colors_info=\u00bb{}\u00bb button_text_size__hover_enabled=\u00bboff\u00bb button_one_text_size__hover_enabled=\u00bboff\u00bb button_two_text_size__hover_enabled=\u00bboff\u00bb button_text_color__hover_enabled=\u00bboff\u00bb button_one_text_color__hover_enabled=\u00bboff\u00bb button_two_text_color__hover_enabled=\u00bboff\u00bb button_border_width__hover_enabled=\u00bboff\u00bb button_one_border_width__hover_enabled=\u00bboff\u00bb button_two_border_width__hover_enabled=\u00bboff\u00bb button_border_color__hover_enabled=\u00bboff\u00bb button_one_border_color__hover_enabled=\u00bboff\u00bb button_two_border_color__hover_enabled=\u00bboff\u00bb button_border_radius__hover_enabled=\u00bboff\u00bb button_one_border_radius__hover_enabled=\u00bboff\u00bb button_two_border_radius__hover_enabled=\u00bboff\u00bb button_letter_spacing__hover_enabled=\u00bboff\u00bb button_one_letter_spacing__hover_enabled=\u00bboff\u00bb button_two_letter_spacing__hover_enabled=\u00bboff\u00bb button_bg_color__hover_enabled=\u00bboff\u00bb button_one_bg_color__hover_enabled=\u00bboff\u00bb button_two_bg_color__hover_enabled=\u00bboff\u00bb][\/et_pb_contact_field][et_pb_contact_field field_id=\u00bbEmail\u00bb field_title=\u00bbDirecci\u00f3n de correo electr\u00f3nico\u00bb field_type=\u00bbemail\u00bb _builder_version=\u00bb4.16&#8243; global_colors_info=\u00bb{}\u00bb button_text_size__hover_enabled=\u00bboff\u00bb button_one_text_size__hover_enabled=\u00bboff\u00bb button_two_text_size__hover_enabled=\u00bboff\u00bb button_text_color__hover_enabled=\u00bboff\u00bb button_one_text_color__hover_enabled=\u00bboff\u00bb button_two_text_color__hover_enabled=\u00bboff\u00bb button_border_width__hover_enabled=\u00bboff\u00bb button_one_border_width__hover_enabled=\u00bboff\u00bb button_two_border_width__hover_enabled=\u00bboff\u00bb button_border_color__hover_enabled=\u00bboff\u00bb button_one_border_color__hover_enabled=\u00bboff\u00bb button_two_border_color__hover_enabled=\u00bboff\u00bb button_border_radius__hover_enabled=\u00bboff\u00bb button_one_border_radius__hover_enabled=\u00bboff\u00bb button_two_border_radius__hover_enabled=\u00bboff\u00bb button_letter_spacing__hover_enabled=\u00bboff\u00bb button_one_letter_spacing__hover_enabled=\u00bboff\u00bb button_two_letter_spacing__hover_enabled=\u00bboff\u00bb button_bg_color__hover_enabled=\u00bboff\u00bb button_one_bg_color__hover_enabled=\u00bboff\u00bb button_two_bg_color__hover_enabled=\u00bboff\u00bb][\/et_pb_contact_field][et_pb_contact_field field_id=\u00bbMessage\u00bb field_title=\u00bbMensaje\u00bb field_type=\u00bbtext\u00bb fullwidth_field=\u00bbon\u00bb _builder_version=\u00bb4.16&#8243; global_colors_info=\u00bb{}\u00bb button_text_size__hover_enabled=\u00bboff\u00bb button_one_text_size__hover_enabled=\u00bboff\u00bb button_two_text_size__hover_enabled=\u00bboff\u00bb button_text_color__hover_enabled=\u00bboff\u00bb button_one_text_color__hover_enabled=\u00bboff\u00bb button_two_text_color__hover_enabled=\u00bboff\u00bb button_border_width__hover_enabled=\u00bboff\u00bb button_one_border_width__hover_enabled=\u00bboff\u00bb button_two_border_width__hover_enabled=\u00bboff\u00bb button_border_color__hover_enabled=\u00bboff\u00bb button_one_border_color__hover_enabled=\u00bboff\u00bb button_two_border_color__hover_enabled=\u00bboff\u00bb button_border_radius__hover_enabled=\u00bboff\u00bb button_one_border_radius__hover_enabled=\u00bboff\u00bb button_two_border_radius__hover_enabled=\u00bboff\u00bb button_letter_spacing__hover_enabled=\u00bboff\u00bb button_one_letter_spacing__hover_enabled=\u00bboff\u00bb button_two_letter_spacing__hover_enabled=\u00bboff\u00bb button_bg_color__hover_enabled=\u00bboff\u00bb button_one_bg_color__hover_enabled=\u00bboff\u00bb button_two_bg_color__hover_enabled=\u00bboff\u00bb][\/et_pb_contact_field][\/et_pb_contact_form][et_pb_social_media_follow icon_color=\u00bbgcid-b1d9d4d0-c3fa-4aee-98f0-6248a9f828a4&#8243; use_icon_font_size=\u00bbon\u00bb icon_font_size=\u00bb26px\u00bb _builder_version=\u00bb4.23&#8243; _module_preset=\u00bbdefault\u00bb background_color=\u00bbRGBA(255,255,255,0)\u00bb text_orientation=\u00bbcenter\u00bb border_radii=\u00bbon|0px|0px|0px|0px\u00bb border_color_top=\u00bbgcid-b1d9d4d0-c3fa-4aee-98f0-6248a9f828a4&#8243; border_color_bottom=\u00bbgcid-b1d9d4d0-c3fa-4aee-98f0-6248a9f828a4&#8243; global_colors_info=\u00bb{%22gcid-b1d9d4d0-c3fa-4aee-98f0-6248a9f828a4%22:%91%22icon_color%22,%22border_color_top%22,%22border_color_bottom%22%93}\u00bb][et_pb_social_media_follow_network social_network=\u00bbfacebook\u00bb url=\u00bbhttps:\/\/www.facebook.com\/EconomiasBioRegionales\/\u00bb _builder_version=\u00bb4.23&#8243; _module_preset=\u00bbdefault\u00bb background_color=\u00bbRGBA(255,255,255,0)\u00bb background_enable_color=\u00bbon\u00bb global_colors_info=\u00bb{}\u00bb follow_button=\u00bboff\u00bb url_new_window=\u00bbon\u00bb]facebook[\/et_pb_social_media_follow_network][et_pb_social_media_follow_network social_network=\u00bbtwitter\u00bb url=\u00bbhttps:\/\/twitter.com\/Eco_BioReg\u00bb _builder_version=\u00bb4.23&#8243; _module_preset=\u00bbdefault\u00bb background_color=\u00bbRGBA(255,255,255,0)\u00bb background_enable_color=\u00bbon\u00bb global_colors_info=\u00bb{}\u00bb follow_button=\u00bboff\u00bb url_new_window=\u00bbon\u00bb]X[\/et_pb_social_media_follow_network][\/et_pb_social_media_follow][\/et_pb_column][\/et_pb_row][\/et_pb_section][et_pb_section fb_built=\u00bb1&#8243; _builder_version=\u00bb4.23&#8243; _module_preset=\u00bbdefault\u00bb background_image=\u00bbhttps:\/\/economiasbioregionales.org\/wp-content\/uploads\/2023\/12\/conscious-design-WshjU5cSNU8-unsplash-scaled.jpg\u00bb global_module=\u00bb837&#8243; saved_tabs=\u00bball\u00bb collapsed=\u00bbon\u00bb global_colors_info=\u00bb{}\u00bb][et_pb_row _builder_version=\u00bb4.23&#8243; _module_preset=\u00bbdefault\u00bb global_colors_info=\u00bb{}\u00bb][et_pb_column type=\u00bb4_4&#8243; _builder_version=\u00bb4.23&#8243; _module_preset=\u00bbdefault\u00bb global_colors_info=\u00bb{}\u00bb][et_pb_divider show_divider=\u00bboff\u00bb _builder_version=\u00bb4.23&#8243; _module_preset=\u00bbdefault\u00bb min_height=\u00bb210px\u00bb global_colors_info=\u00bb{}\u00bb][\/et_pb_divider][\/et_pb_column][\/et_pb_row][\/et_pb_section]<\/p>","protected":false},"excerpt":{"rendered":"<p>Nuestros Servicios Especializados en las \u00e1reas de agroecolog\u00eda, agrocompostaje, metabolismos urbanos y rurales, monedas sociales, dinamizaci\u00f3n, comunicaci\u00f3n y comunidad.Desarrollo local sostenible Nos sumergimos en el coraz\u00f3n de las comunidades, tejiendo juntos un futuro donde la prosperidad local y la sostenibilidad se entrelazan armoniosamente. Colaboramos con l\u00edderes y ciudadanos para cultivar un desarrollo arraigado en valores [&hellip;]<\/p>","protected":false},"author":2,"featured_media":0,"parent":0,"menu_order":0,"comment_status":"closed","ping_status":"closed","template":"","meta":{"_et_pb_use_builder":"on","_et_pb_old_content":"Especializados en las \u00e1reas de agroecolog\u00eda, agrocompostaje, metabolismos urbanos y rurales, monedas sociales, dinamizaci\u00f3n, comunicaci\u00f3n y comunidad ofrecemos servicios de:\r\n<ul>\r\n \t<li>Desarrollo local sostenible<\/li>\r\n \t<li>Gesti\u00f3n de residuos<\/li>\r\n \t<li>Monedas complementarias\r\n<ul>\r\n \t<li>Locales<\/li>\r\n \t<li>Sociales<\/li>\r\n \t<li>Biorregionales<\/li>\r\n<\/ul>\r\n<\/li>\r\n \t<li>Formaci\u00f3n y sensibilizaci\u00f3n<\/li>\r\n \t<li>Investigaci\u00f3n y diagn\u00f3stico<\/li>\r\n \t<li>Comunicaci\u00f3n y comunidad<\/li>\r\n<\/ul>","_et_gb_content_width":"","footnotes":""},"class_list":["post-239","page","type-page","status-publish","hentry"],"yoast_head":"<!-- This site is optimized with the Yoast SEO plugin v24.5 - https:\/\/yoast.com\/wordpress\/plugins\/seo\/ -->\n<title>SERVICIOS - Econom\u00edas BioRegionales<\/title>\n<meta name=\"robots\" content=\"index, follow, max-snippet:-1, max-image-preview:large, max-video-preview:-1\" \/>\n<link rel=\"canonical\" href=\"https:\/\/economiasbioregionales.org\/en\/servicios\/\" \/>\n<meta property=\"og:locale\" content=\"en_GB\" \/>\n<meta property=\"og:type\" content=\"article\" \/>\n<meta property=\"og:title\" content=\"SERVICIOS - Econom\u00edas BioRegionales\" \/>\n<meta property=\"og:description\" content=\"Nuestros Servicios Especializados en las \u00e1reas de agroecolog\u00eda, agrocompostaje, metabolismos urbanos y rurales, monedas sociales, dinamizaci\u00f3n, comunicaci\u00f3n y comunidad.Desarrollo local sostenible Nos sumergimos en el coraz\u00f3n de las comunidades, tejiendo juntos un futuro donde la prosperidad local y la sostenibilidad se entrelazan armoniosamente. Colaboramos con l\u00edderes y ciudadanos para cultivar un desarrollo arraigado en valores [&hellip;]\" \/>\n<meta property=\"og:url\" content=\"https:\/\/economiasbioregionales.org\/en\/servicios\/\" \/>\n<meta property=\"og:site_name\" content=\"Econom\u00edas BioRegionales\" \/>\n<meta property=\"article:publisher\" content=\"https:\/\/www.facebook.com\/EconomiasBioRegionales\/\" \/>\n<meta property=\"article:modified_time\" content=\"2023-12-01T09:01:06+00:00\" \/>\n<meta name=\"twitter:card\" content=\"summary_large_image\" \/>\n<meta name=\"twitter:site\" content=\"@E_BioReg\" \/>\n<meta name=\"twitter:label1\" content=\"Estimated reading time\" \/>\n\t<meta name=\"twitter:data1\" content=\"15 minutes\" \/>\n<script type=\"application\/ld+json\" class=\"yoast-schema-graph\">{\"@context\":\"https:\/\/schema.org\",\"@graph\":[{\"@type\":\"WebPage\",\"@id\":\"https:\/\/economiasbioregionales.org\/servicios\/\",\"url\":\"https:\/\/economiasbioregionales.org\/servicios\/\",\"name\":\"SERVICIOS - Econom\u00edas BioRegionales\",\"isPartOf\":{\"@id\":\"https:\/\/economiasbioregionales.org\/#website\"},\"datePublished\":\"2017-10-05T19:12:54+00:00\",\"dateModified\":\"2023-12-01T09:01:06+00:00\",\"breadcrumb\":{\"@id\":\"https:\/\/economiasbioregionales.org\/servicios\/#breadcrumb\"},\"inLanguage\":\"en-GB\",\"potentialAction\":[{\"@type\":\"ReadAction\",\"target\":[\"https:\/\/economiasbioregionales.org\/servicios\/\"]}]},{\"@type\":\"BreadcrumbList\",\"@id\":\"https:\/\/economiasbioregionales.org\/servicios\/#breadcrumb\",\"itemListElement\":[{\"@type\":\"ListItem\",\"position\":1,\"name\":\"EBR\",\"item\":\"https:\/\/economiasbioregionales.org\/\"},{\"@type\":\"ListItem\",\"position\":2,\"name\":\"SERVICIOS\"}]},{\"@type\":\"WebSite\",\"@id\":\"https:\/\/economiasbioregionales.org\/#website\",\"url\":\"https:\/\/economiasbioregionales.org\/\",\"name\":\"Econom\u00edas BioRegionales\",\"description\":\"Econom\u00eda circular, sistemas alimentarios locales, monedas sociales, comunicaci\u00f3n y comunidad\",\"publisher\":{\"@id\":\"https:\/\/economiasbioregionales.org\/#organization\"},\"potentialAction\":[{\"@type\":\"SearchAction\",\"target\":{\"@type\":\"EntryPoint\",\"urlTemplate\":\"https:\/\/economiasbioregionales.org\/?s={search_term_string}\"},\"query-input\":{\"@type\":\"PropertyValueSpecification\",\"valueRequired\":true,\"valueName\":\"search_term_string\"}}],\"inLanguage\":\"en-GB\"},{\"@type\":\"Organization\",\"@id\":\"https:\/\/economiasbioregionales.org\/#organization\",\"name\":\"Econom\u00edas BioRegionales\",\"url\":\"https:\/\/economiasbioregionales.org\/\",\"logo\":{\"@type\":\"ImageObject\",\"inLanguage\":\"en-GB\",\"@id\":\"https:\/\/economiasbioregionales.org\/#\/schema\/logo\/image\/\",\"url\":\"https:\/\/economiasbioregionales.org\/wp-content\/uploads\/2017\/11\/eBR_cabecera-e1515058375551.png\",\"contentUrl\":\"https:\/\/economiasbioregionales.org\/wp-content\/uploads\/2017\/11\/eBR_cabecera-e1515058375551.png\",\"width\":361,\"height\":168,\"caption\":\"Econom\u00edas BioRegionales\"},\"image\":{\"@id\":\"https:\/\/economiasbioregionales.org\/#\/schema\/logo\/image\/\"},\"sameAs\":[\"https:\/\/www.facebook.com\/EconomiasBioRegionales\/\",\"https:\/\/x.com\/E_BioReg\",\"https:\/\/www.linkedin.com\/company\/economiaseioregionales\/\"]}]}<\/script>\n<!-- \/ Yoast SEO plugin. -->","yoast_head_json":{"title":"SERVICIOS - Econom\u00edas BioRegionales","robots":{"index":"index","follow":"follow","max-snippet":"max-snippet:-1","max-image-preview":"max-image-preview:large","max-video-preview":"max-video-preview:-1"},"canonical":"https:\/\/economiasbioregionales.org\/en\/servicios\/","og_locale":"en_GB","og_type":"article","og_title":"SERVICIOS - Econom\u00edas BioRegionales","og_description":"Nuestros Servicios Especializados en las \u00e1reas de agroecolog\u00eda, agrocompostaje, metabolismos urbanos y rurales, monedas sociales, dinamizaci\u00f3n, comunicaci\u00f3n y comunidad.Desarrollo local sostenible Nos sumergimos en el coraz\u00f3n de las comunidades, tejiendo juntos un futuro donde la prosperidad local y la sostenibilidad se entrelazan armoniosamente. Colaboramos con l\u00edderes y ciudadanos para cultivar un desarrollo arraigado en valores [&hellip;]","og_url":"https:\/\/economiasbioregionales.org\/en\/servicios\/","og_site_name":"Econom\u00edas BioRegionales","article_publisher":"https:\/\/www.facebook.com\/EconomiasBioRegionales\/","article_modified_time":"2023-12-01T09:01:06+00:00","twitter_card":"summary_large_image","twitter_site":"@E_BioReg","twitter_misc":{"Estimated reading time":"15 minutes"},"schema":{"@context":"https:\/\/schema.org","@graph":[{"@type":"WebPage","@id":"https:\/\/economiasbioregionales.org\/servicios\/","url":"https:\/\/economiasbioregionales.org\/servicios\/","name":"SERVICIOS - Econom\u00edas BioRegionales","isPartOf":{"@id":"https:\/\/economiasbioregionales.org\/#website"},"datePublished":"2017-10-05T19:12:54+00:00","dateModified":"2023-12-01T09:01:06+00:00","breadcrumb":{"@id":"https:\/\/economiasbioregionales.org\/servicios\/#breadcrumb"},"inLanguage":"en-GB","potentialAction":[{"@type":"ReadAction","target":["https:\/\/economiasbioregionales.org\/servicios\/"]}]},{"@type":"BreadcrumbList","@id":"https:\/\/economiasbioregionales.org\/servicios\/#breadcrumb","itemListElement":[{"@type":"ListItem","position":1,"name":"EBR","item":"https:\/\/economiasbioregionales.org\/"},{"@type":"ListItem","position":2,"name":"SERVICIOS"}]},{"@type":"WebSite","@id":"https:\/\/economiasbioregionales.org\/#website","url":"https:\/\/economiasbioregionales.org\/","name":"Econom\u00edas BioRegionales","description":"Econom\u00eda circular, sistemas alimentarios locales, monedas sociales, comunicaci\u00f3n y comunidad","publisher":{"@id":"https:\/\/economiasbioregionales.org\/#organization"},"potentialAction":[{"@type":"SearchAction","target":{"@type":"EntryPoint","urlTemplate":"https:\/\/economiasbioregionales.org\/?s={search_term_string}"},"query-input":{"@type":"PropertyValueSpecification","valueRequired":true,"valueName":"search_term_string"}}],"inLanguage":"en-GB"},{"@type":"Organization","@id":"https:\/\/economiasbioregionales.org\/#organization","name":"Econom\u00edas BioRegionales","url":"https:\/\/economiasbioregionales.org\/","logo":{"@type":"ImageObject","inLanguage":"en-GB","@id":"https:\/\/economiasbioregionales.org\/#\/schema\/logo\/image\/","url":"https:\/\/economiasbioregionales.org\/wp-content\/uploads\/2017\/11\/eBR_cabecera-e1515058375551.png","contentUrl":"https:\/\/economiasbioregionales.org\/wp-content\/uploads\/2017\/11\/eBR_cabecera-e1515058375551.png","width":361,"height":168,"caption":"Econom\u00edas BioRegionales"},"image":{"@id":"https:\/\/economiasbioregionales.org\/#\/schema\/logo\/image\/"},"sameAs":["https:\/\/www.facebook.com\/EconomiasBioRegionales\/","https:\/\/x.com\/E_BioReg","https:\/\/www.linkedin.com\/company\/economiaseioregionales\/"]}]}},"_links":{"self":[{"href":"https:\/\/economiasbioregionales.org\/en\/wp-json\/wp\/v2\/pages\/239","targetHints":{"allow":["GET"]}}],"collection":[{"href":"https:\/\/economiasbioregionales.org\/en\/wp-json\/wp\/v2\/pages"}],"about":[{"href":"https:\/\/economiasbioregionales.org\/en\/wp-json\/wp\/v2\/types\/page"}],"author":[{"embeddable":true,"href":"https:\/\/economiasbioregionales.org\/en\/wp-json\/wp\/v2\/users\/2"}],"replies":[{"embeddable":true,"href":"https:\/\/economiasbioregionales.org\/en\/wp-json\/wp\/v2\/comments?post=239"}],"version-history":[{"count":14,"href":"https:\/\/economiasbioregionales.org\/en\/wp-json\/wp\/v2\/pages\/239\/revisions"}],"predecessor-version":[{"id":870,"href":"https:\/\/economiasbioregionales.org\/en\/wp-json\/wp\/v2\/pages\/239\/revisions\/870"}],"wp:attachment":[{"href":"https:\/\/economiasbioregionales.org\/en\/wp-json\/wp\/v2\/media?parent=239"}],"curies":[{"name":"wp","href":"https:\/\/api.w.org\/{rel}","templated":true}]}}