{"id":236,"date":"2017-10-18T21:12:31","date_gmt":"2017-10-18T19:12:31","guid":{"rendered":"https:\/\/economiasbioregionales.org\/?page_id=236"},"modified":"2024-09-26T08:21:33","modified_gmt":"2024-09-26T06:21:33","slug":"equipo","status":"publish","type":"page","link":"https:\/\/economiasbioregionales.org\/en\/","title":{"rendered":"TEAM"},"content":{"rendered":"<p>[et_pb_section fb_built=\u00bb1&#8243; admin_label=\u00bbHero\u00bb _builder_version=\u00bb4.16&#8243; custom_padding=\u00bb0px|0px|0px|0px\u00bb animation_style=\u00bbzoom\u00bb animation_intensity_zoom=\u00bb4%\u00bb collapsed=\u00bbon\u00bb global_colors_info=\u00bb{}\u00bb][et_pb_row column_structure=\u00bb1_2,1_2&#8243; use_custom_gutter=\u00bbon\u00bb gutter_width=\u00bb1&#8243; make_equal=\u00bbon\u00bb module_class=\u00bb et_pb_row_fullwidth\u00bb _builder_version=\u00bb4.23&#8243; background_color=\u00bbgcid-e9c72758-f611-47eb-8cf8-9a2037fc31df\u00bb background_image=\u00bbhttp:\/\/www.engerundio.economiasbioregionales.org\/wp-content\/uploads\/2021\/03\/circle-background-pattern.png\u00bb width=\u00bb100%\u00bb width_tablet=\u00bb100%\u00bb width_phone=\u00bb\u00bb width_last_edited=\u00bbon|desktop\u00bb max_width=\u00bb100%\u00bb max_width_tablet=\u00bb100%\u00bb max_width_phone=\u00bb\u00bb max_width_last_edited=\u00bbon|desktop\u00bb min_height=\u00bb180.7px\u00bb height=\u00bb510px\u00bb custom_margin=\u00bb|auto|17px|auto||\u00bb custom_padding=\u00bb0px||0px|\u00bb animation_style=\u00bbslide\u00bb animation_direction=\u00bbtop\u00bb animation_intensity_slide=\u00bb3%\u00bb make_fullwidth=\u00bbon\u00bb collapsed=\u00bbon\u00bb global_colors_info=\u00bb{%22gcid-e9c72758-f611-47eb-8cf8-9a2037fc31df%22:%91%22background_color%22%93}\u00bb][et_pb_column type=\u00bb1_2&#8243; _builder_version=\u00bb4.16&#8243; background_color=\u00bb#A1B785&#8243; custom_padding=\u00bb10%|8%|10%|8%\u00bb global_colors_info=\u00bb{}\u00bb custom_padding__hover=\u00bb|||\u00bb][et_pb_text admin_label=\u00bbTexto\u00bb _builder_version=\u00bb4.24.2&#8243; text_font=\u00bbMontserrat|500|||||||\u00bb text_text_color=\u00bb#FFFFFF\u00bb text_letter_spacing=\u00bb3px\u00bb header_text_color=\u00bb#FFFFFF\u00bb min_height=\u00bb57.3px\u00bb custom_padding=\u00bb||0px|||\u00bb animation_style=\u00bbslide\u00bb animation_direction=\u00bbbottom\u00bb locked=\u00bboff\u00bb inline_fonts=\u00bbKarla\u00bb global_colors_info=\u00bb{}\u00bb]<\/p>\n<h1>We engage in the activation of bio-regionalism. We catalize participation for bio-regional governance.<\/h1>\n<p>[\/et_pb_text][et_pb_text admin_label=\u00bbTexto\u00bb _builder_version=\u00bb4.25.2&#8243; _module_preset=\u00bbca193ee9-c11a-4f70-83bb-26d05ff6f1c1&#8243; locked=\u00bboff\u00bb inline_fonts=\u00bbRoboto,Karla,Kantumruy\u00bb global_colors_info=\u00bb{}\u00bb]<\/p>\n<p>Participatory bio-regional governance starts by creating partnerships among municipalities, civil society and agents of bio-regional change. We are experts in guiding these processes and networks.<\/p>\n<p>[\/et_pb_text][\/et_pb_column][et_pb_column type=\u00bb1_2&#8243; _builder_version=\u00bb4.23&#8243; background_color=\u00bb#A1B785&#8243; background_image=\u00bbhttps:\/\/economiasbioregionales.org\/wp-content\/uploads\/2023\/12\/annie-spratt-j4fV6dKT9tw-unsplash1.jpg\u00bb background_position=\u00bbbottom_center\u00bb background_vertical_offset=\u00bb11%\u00bb custom_padding=\u00bb|||\u00bb global_colors_info=\u00bb{}\u00bb custom_padding__hover=\u00bb|||\u00bb][et_pb_divider show_divider=\u00bboff\u00bb _builder_version=\u00bb4.23&#8243; _module_preset=\u00bbdefault\u00bb min_height=\u00bb300px\u00bb global_colors_info=\u00bb{}\u00bb][\/et_pb_divider][\/et_pb_column][\/et_pb_row][\/et_pb_section][et_pb_section fb_built=\u00bb1&#8243; admin_label=\u00bbService Section\u00bb _builder_version=\u00bb4.16&#8243; background_color=\u00bb#FFFFFF\u00bb custom_margin=\u00bb|||\u00bb custom_padding=\u00bb110px||0px|||\u00bb collapsed=\u00bboff\u00bb global_colors_info=\u00bb{}\u00bb][et_pb_row admin_label=\u00bbService Section Title\u00bb _builder_version=\u00bb4.16&#8243; custom_margin=\u00bb||40px|\u00bb animation_style=\u00bbfade\u00bb animation_direction=\u00bbtop\u00bb border_color_all=\u00bb#CF8BA3&#8243; border_width_bottom=\u00bb5px\u00bb border_color_bottom=\u00bb#CFCE8D\u00bb saved_tabs=\u00bball\u00bb collapsed=\u00bbon\u00bb global_colors_info=\u00bb{}\u00bb][et_pb_column type=\u00bb4_4&#8243; _builder_version=\u00bb4.16&#8243; custom_padding=\u00bb|||\u00bb global_colors_info=\u00bb{}\u00bb custom_padding__hover=\u00bb|||\u00bb][et_pb_text admin_label=\u00bbSubtitle\u00bb _builder_version=\u00bb4.25.2&#8243; text_font=\u00bbKarla||||||||\u00bb text_text_color=\u00bb#747d88&#8243; text_line_height=\u00bb1.8em\u00bb header_font=\u00bb||||||||\u00bb text_orientation=\u00bbcenter\u00bb max_width=\u00bb1108px\u00bb module_alignment=\u00bbcenter\u00bb custom_margin=\u00bb|126px||||\u00bb animation_style=\u00bbslide\u00bb animation_direction=\u00bbbottom\u00bb animation_delay=\u00bb100ms\u00bb animation_intensity_slide=\u00bb4%\u00bb inline_fonts=\u00bbKarla\u00bb global_colors_info=\u00bb{}\u00bb]<\/p>\n<p style=\"text-align: center;\"><span style=\"font-family: Karla; font-weight: normal; font-size: xx-large; color: #000000;\"><strong>SERVICES<\/strong><\/span><\/p>\n<p>[\/et_pb_text][\/et_pb_column][\/et_pb_row][et_pb_row column_structure=\u00bb1_3,1_3,1_3&#8243; use_custom_gutter=\u00bbon\u00bb gutter_width=\u00bb2&#8243; make_equal=\u00bbon\u00bb admin_label=\u00bbServices\u00bb _builder_version=\u00bb4.16&#8243; max_width=\u00bb80%\u00bb custom_padding=\u00bb25px||25px|\u00bb use_custom_width=\u00bbon\u00bb width_unit=\u00bboff\u00bb collapsed=\u00bbon\u00bb global_colors_info=\u00bb{}\u00bb][et_pb_column type=\u00bb1_3&#8243; _builder_version=\u00bb4.16&#8243; custom_padding=\u00bb|||\u00bb global_colors_info=\u00bb{}\u00bb custom_padding__hover=\u00bb|||\u00bb][et_pb_blurb title=\u00bbDESARROLLO LOCAL SOSTENIBLE\u00bb url=\u00bb@ET-DC@eyJkeW5hbWljIjp0cnVlLCJjb250ZW50IjoicG9zdF9saW5rX3VybF9wYWdlIiwic2V0dGluZ3MiOnsicG9zdF9pZCI6IjIzOSJ9fQ==@\u00bb use_icon=\u00bbon\u00bb font_icon=\u00bb&#xe0de;||divi||400&#8243; icon_color=\u00bb#FFFFFF\u00bb image_icon_background_color=\u00bb#A1B785&#8243; image_icon_width=\u00bb60px\u00bb _builder_version=\u00bb4.25.2&#8243; _dynamic_attributes=\u00bburl\u00bb header_font=\u00bbKarla|700|||||||\u00bb header_text_color=\u00bb#353740&#8243; header_font_size=\u00bb22px\u00bb header_line_height=\u00bb1.4em\u00bb body_font=\u00bbMontserrat||||\u00bb body_text_color=\u00bb#747d88&#8243; body_line_height=\u00bb1.8em\u00bb image_icon_custom_padding=\u00bb25px|25px|25px|25px|false|false\u00bb text_orientation=\u00bbcenter\u00bb custom_padding=\u00bb30px|30px|30px|30px\u00bb animation_style=\u00bbzoom\u00bb border_width_all=\u00bb0px\u00bb border_color_all=\u00bb#dddddd\u00bb border_style_all=\u00bbsolid\u00bb border_radii_image=\u00bbon|100%|100%|100%|100%\u00bb use_border_color=\u00bbon\u00bb border_color=\u00bb#dddddd\u00bb icon_font_size=\u00bb60px\u00bb use_circle=\u00bbon\u00bb circle_color=\u00bb#A1B785&#8243; global_colors_info=\u00bb{}\u00bb image_icon_background_color__sticky_enabled=\u00bb#849324&#8243; image_icon_background_color__sticky=\u00bb#849324&#8243;]<\/p>\n<p>Our engagement with local communities ensures long lasting develpments<\/p>\n<p>[\/et_pb_blurb][\/et_pb_column][et_pb_column type=\u00bb1_3&#8243; _builder_version=\u00bb4.16&#8243; custom_padding=\u00bb|||\u00bb global_colors_info=\u00bb{}\u00bb custom_padding__hover=\u00bb|||\u00bb][et_pb_blurb title=\u00bbGESTI\u00d3N DE RESIDUOS\u00bb url=\u00bb@ET-DC@eyJkeW5hbWljIjp0cnVlLCJjb250ZW50IjoicG9zdF9saW5rX3VybF9wYWdlIiwic2V0dGluZ3MiOnsicG9zdF9pZCI6IjIzOSJ9fQ==@\u00bb use_icon=\u00bbon\u00bb font_icon=\u00bb&#xe0ff;||divi||400&#8243; icon_color=\u00bb#FFFFFF\u00bb image_icon_background_color=\u00bb#A1B785&#8243; image_icon_width=\u00bb60px\u00bb _builder_version=\u00bb4.25.2&#8243; _dynamic_attributes=\u00bburl\u00bb header_font=\u00bbKarla|700|||||||\u00bb header_text_color=\u00bb#353740&#8243; header_font_size=\u00bb22px\u00bb header_line_height=\u00bb1.4em\u00bb body_font=\u00bbMontserrat||||\u00bb body_text_color=\u00bb#747d88&#8243; body_line_height=\u00bb1.8em\u00bb image_icon_custom_padding=\u00bb25px|25px|25px|25px|false|false\u00bb text_orientation=\u00bbcenter\u00bb custom_padding=\u00bb30px|30px|30px|30px\u00bb animation_style=\u00bbzoom\u00bb animation_delay=\u00bb100ms\u00bb border_width_all=\u00bb0px\u00bb border_color_all=\u00bb#dddddd\u00bb border_style_all=\u00bbsolid\u00bb border_radii_image=\u00bbon|100%|100%|100%|100%\u00bb use_border_color=\u00bbon\u00bb border_color=\u00bb#dddddd\u00bb icon_font_size=\u00bb60px\u00bb use_circle=\u00bbon\u00bb circle_color=\u00bb#A1B785&#8243; global_colors_info=\u00bb{}\u00bb image_icon_background_color__sticky_enabled=\u00bb#849324&#8243; image_icon_background_color__sticky=\u00bb#849324&#8243;]<\/p>\n<p>We transform the way we address bio-waste challenges, promoting synergistic nature- and community-based solutions (C-NbS) that benefit the bioregion, the civil society and its economy.<\/p>\n<p>[\/et_pb_blurb][\/et_pb_column][et_pb_column type=\u00bb1_3&#8243; _builder_version=\u00bb4.16&#8243; custom_padding=\u00bb|||\u00bb global_colors_info=\u00bb{}\u00bb custom_padding__hover=\u00bb|||\u00bb][et_pb_blurb title=\u00bbMONEDAS COMPLEMENTARIAS\u00bb url=\u00bb@ET-DC@eyJkeW5hbWljIjp0cnVlLCJjb250ZW50IjoicG9zdF9saW5rX3VybF9wYWdlIiwic2V0dGluZ3MiOnsicG9zdF9pZCI6IjIzOSJ9fQ==@\u00bb use_icon=\u00bbon\u00bb font_icon=\u00bb&#xe0f5;||divi||400&#8243; icon_color=\u00bb#FFFFFF\u00bb image_icon_background_color=\u00bb#A1B785&#8243; image_icon_width=\u00bb60px\u00bb _builder_version=\u00bb4.25.2&#8243; _dynamic_attributes=\u00bburl\u00bb header_font=\u00bbKarla|700|||||||\u00bb header_text_color=\u00bb#353740&#8243; header_font_size=\u00bb22px\u00bb header_line_height=\u00bb1.4em\u00bb body_font=\u00bbMontserrat||||\u00bb body_text_color=\u00bb#747d88&#8243; body_line_height=\u00bb1.8em\u00bb image_icon_custom_padding=\u00bb25px|25px|25px|25px|false|false\u00bb text_orientation=\u00bbcenter\u00bb custom_padding=\u00bb30px|30px|30px|30px\u00bb animation_style=\u00bbzoom\u00bb animation_delay=\u00bb200ms\u00bb border_width_all=\u00bb0px\u00bb border_color_all=\u00bb#dddddd\u00bb border_style_all=\u00bbsolid\u00bb border_radii_image=\u00bbon|100%|100%|100%|100%\u00bb use_border_color=\u00bbon\u00bb border_color=\u00bb#dddddd\u00bb icon_font_size=\u00bb60px\u00bb use_circle=\u00bbon\u00bb circle_color=\u00bb#A1B785&#8243; global_colors_info=\u00bb{}\u00bb image_icon_background_color__sticky_enabled=\u00bb#849324&#8243; image_icon_background_color__sticky=\u00bb#849324&#8243;]<\/p>\n<p>We strengthen the local economy by promoting complementary currencies, encouraging support to local businesses and promoting communities to thrive.<\/p>\n<p>[\/et_pb_blurb][\/et_pb_column][\/et_pb_row][et_pb_row column_structure=\u00bb1_3,1_3,1_3&#8243; use_custom_gutter=\u00bbon\u00bb gutter_width=\u00bb2&#8243; make_equal=\u00bbon\u00bb admin_label=\u00bbServices\u00bb _builder_version=\u00bb4.16&#8243; max_width=\u00bb80%\u00bb custom_padding=\u00bb25px||25px|\u00bb use_custom_width=\u00bbon\u00bb width_unit=\u00bboff\u00bb collapsed=\u00bbon\u00bb global_colors_info=\u00bb{}\u00bb][et_pb_column type=\u00bb1_3&#8243; _builder_version=\u00bb4.16&#8243; custom_padding=\u00bb|||\u00bb global_colors_info=\u00bb{}\u00bb custom_padding__hover=\u00bb|||\u00bb][et_pb_blurb title=\u00bbFORMACI\u00d3N Y SENSIBILIZACI\u00d3N\u00bb url=\u00bb@ET-DC@eyJkeW5hbWljIjp0cnVlLCJjb250ZW50IjoicG9zdF9saW5rX3VybF9wYWdlIiwic2V0dGluZ3MiOnsicG9zdF9pZCI6IjIzOSJ9fQ==@\u00bb use_icon=\u00bbon\u00bb font_icon=\u00bb&#xe086;||divi||400&#8243; icon_color=\u00bb#FFFFFF\u00bb image_icon_background_color=\u00bb#A1B785&#8243; image_icon_width=\u00bb60px\u00bb _builder_version=\u00bb4.25.2&#8243; _dynamic_attributes=\u00bburl\u00bb header_font=\u00bbKarla|700|||||||\u00bb header_text_color=\u00bb#353740&#8243; header_font_size=\u00bb22px\u00bb header_line_height=\u00bb1.4em\u00bb body_font=\u00bbMontserrat||||\u00bb body_text_color=\u00bb#747d88&#8243; body_line_height=\u00bb1.8em\u00bb image_icon_custom_padding=\u00bb25px|25px|25px|25px|false|false\u00bb text_orientation=\u00bbcenter\u00bb custom_padding=\u00bb30px|30px|30px|30px\u00bb animation_style=\u00bbzoom\u00bb border_width_all=\u00bb0px\u00bb border_color_all=\u00bb#dddddd\u00bb border_style_all=\u00bbsolid\u00bb border_radii_image=\u00bbon|100%|100%|100%|100%\u00bb use_border_color=\u00bbon\u00bb border_color=\u00bb#dddddd\u00bb icon_font_size=\u00bb60px\u00bb use_circle=\u00bbon\u00bb circle_color=\u00bb#A1B785&#8243; global_colors_info=\u00bb{}\u00bb image_icon_background_color__sticky_enabled=\u00bb#849324&#8243; image_icon_background_color__sticky=\u00bb#849324&#8243;]<\/p>\n<p>We connect communities through education, inspiring conscious action for positive change in sustainability terms.<\/p>\n<p>[\/et_pb_blurb][\/et_pb_column][et_pb_column type=\u00bb1_3&#8243; _builder_version=\u00bb4.16&#8243; custom_padding=\u00bb|||\u00bb global_colors_info=\u00bb{}\u00bb custom_padding__hover=\u00bb|||\u00bb][et_pb_blurb title=\u00bbINVESTIGACI\u00d3N Y DIAGN\u00d3STICO\u00bb url=\u00bb@ET-DC@eyJkeW5hbWljIjp0cnVlLCJjb250ZW50IjoicG9zdF9saW5rX3VybF9wYWdlIiwic2V0dGluZ3MiOnsicG9zdF9pZCI6IjIzOSJ9fQ==@\u00bb use_icon=\u00bbon\u00bb font_icon=\u00bb&#xe0e9;||divi||400&#8243; icon_color=\u00bb#FFFFFF\u00bb image_icon_background_color=\u00bb#A1B785&#8243; image_icon_width=\u00bb60px\u00bb admin_label=\u00bbAnuncio\u00bb _builder_version=\u00bb4.25.2&#8243; _dynamic_attributes=\u00bburl\u00bb header_font=\u00bbKarla|700|||||||\u00bb header_text_color=\u00bb#353740&#8243; header_font_size=\u00bb22px\u00bb header_line_height=\u00bb1.4em\u00bb body_font=\u00bbMontserrat||||\u00bb body_text_color=\u00bb#747d88&#8243; body_line_height=\u00bb1.8em\u00bb image_icon_custom_padding=\u00bb25px|25px|25px|25px|false|false\u00bb text_orientation=\u00bbcenter\u00bb custom_padding=\u00bb30px|30px|30px|30px\u00bb animation_style=\u00bbzoom\u00bb animation_delay=\u00bb100ms\u00bb border_width_all=\u00bb0px\u00bb border_color_all=\u00bb#dddddd\u00bb border_style_all=\u00bbsolid\u00bb border_radii_image=\u00bbon|100%|100%|100%|100%\u00bb use_border_color=\u00bbon\u00bb border_color=\u00bb#dddddd\u00bb icon_font_size=\u00bb60px\u00bb use_circle=\u00bbon\u00bb circle_color=\u00bb#A1B785&#8243; global_colors_info=\u00bb{}\u00bb image_icon_background_color__sticky_enabled=\u00bb#849324&#8243; image_icon_background_color__sticky=\u00bb#849324&#8243;]<\/p>\n<p>We create and guide through paths to informed and sustainable decisions via integral research to reveals key insights for community progress.<\/p>\n<p>[\/et_pb_blurb][\/et_pb_column][et_pb_column type=\u00bb1_3&#8243; _builder_version=\u00bb4.16&#8243; custom_padding=\u00bb|||\u00bb global_colors_info=\u00bb{}\u00bb custom_padding__hover=\u00bb|||\u00bb][et_pb_blurb title=\u00bbCOMUNICACI\u00d3N Y COMUNIDAD\u00bb url=\u00bb@ET-DC@eyJkeW5hbWljIjp0cnVlLCJjb250ZW50IjoicG9zdF9saW5rX3VybF9wYWdlIiwic2V0dGluZ3MiOnsicG9zdF9pZCI6IjIzOSJ9fQ==@\u00bb use_icon=\u00bbon\u00bb font_icon=\u00bb&#xe08b;||divi||400&#8243; icon_color=\u00bb#FFFFFF\u00bb image_icon_background_color=\u00bb#A1B785&#8243; image_icon_width=\u00bb60px\u00bb _builder_version=\u00bb4.25.2&#8243; _dynamic_attributes=\u00bburl\u00bb header_font=\u00bbKarla|700|||||||\u00bb header_text_color=\u00bb#353740&#8243; header_font_size=\u00bb22px\u00bb header_line_height=\u00bb1.4em\u00bb body_font=\u00bbMontserrat||||\u00bb body_text_color=\u00bb#747d88&#8243; body_line_height=\u00bb1.8em\u00bb image_icon_custom_padding=\u00bb25px|25px|25px|25px|false|false\u00bb text_orientation=\u00bbcenter\u00bb custom_padding=\u00bb30px|30px|30px|30px\u00bb animation_style=\u00bbzoom\u00bb animation_delay=\u00bb200ms\u00bb border_width_all=\u00bb0px\u00bb border_color_all=\u00bb#dddddd\u00bb border_style_all=\u00bbsolid\u00bb border_radii_image=\u00bbon|100%|100%|100%|100%\u00bb use_border_color=\u00bbon\u00bb border_color=\u00bb#dddddd\u00bb icon_font_size=\u00bb60px\u00bb use_circle=\u00bbon\u00bb circle_color=\u00bb#A1B785&#8243; global_colors_info=\u00bb{}\u00bb image_icon_background_color__sticky_enabled=\u00bb#849324&#8243; image_icon_background_color__sticky=\u00bb#849324&#8243;]<\/p>\n<p>We foster sustainable and coherent communication between the talk and the walk, and we put it at the service of community participation, making local voices resonate in projects that transform realities.<\/p>\n<p>[\/et_pb_blurb][\/et_pb_column][\/et_pb_row][\/et_pb_section][et_pb_section fb_built=\u00bb1&#8243; _builder_version=\u00bb4.23&#8243; _module_preset=\u00bbdefault\u00bb background_color=\u00bbgcid-e9c72758-f611-47eb-8cf8-9a2037fc31df\u00bb global_module=\u00bb834&#8243; saved_tabs=\u00bball\u00bb collapsed=\u00bboff\u00bb global_colors_info=\u00bb{%22gcid-e9c72758-f611-47eb-8cf8-9a2037fc31df%22:%91%22background_color%22%93}\u00bb][et_pb_row _builder_version=\u00bb4.23&#8243; _module_preset=\u00bbdefault\u00bb global_colors_info=\u00bb{}\u00bb][et_pb_column type=\u00bb4_4&#8243; _builder_version=\u00bb4.23&#8243; _module_preset=\u00bbdefault\u00bb global_colors_info=\u00bb{}\u00bb][et_pb_text admin_label=\u00bbTexto\u00bb _builder_version=\u00bb4.24.0&#8243; _module_preset=\u00bbdefault\u00bb header_text_color=\u00bbgcid-b1d9d4d0-c3fa-4aee-98f0-6248a9f828a4&#8243; header_2_font=\u00bb|||on|||||\u00bb header_2_text_align=\u00bbcenter\u00bb header_2_text_color=\u00bbgcid-b1d9d4d0-c3fa-4aee-98f0-6248a9f828a4&#8243; border_width_bottom=\u00bb3px\u00bb border_color_bottom=\u00bbgcid-b1d9d4d0-c3fa-4aee-98f0-6248a9f828a4&#8243; global_colors_info=\u00bb{%22gcid-b1d9d4d0-c3fa-4aee-98f0-6248a9f828a4%22:%91%22header_text_color%22,%22header_2_text_color%22,%22border_color_bottom%22%93}\u00bb]<\/p>\n<h2>SUPPORT NETWORKS<\/h2>\n<p>[\/et_pb_text][\/et_pb_column][\/et_pb_row][et_pb_row column_structure=\u00bb1_2,1_2&#8243; _builder_version=\u00bb4.24.0&#8243; _module_preset=\u00bbdefault\u00bb global_colors_info=\u00bb{}\u00bb][et_pb_column type=\u00bb1_2&#8243; _builder_version=\u00bb4.23&#8243; _module_preset=\u00bbdefault\u00bb global_colors_info=\u00bb{}\u00bb][et_pb_text module_class=\u00bblogos_red\u00bb _builder_version=\u00bb4.24.2&#8243; _module_preset=\u00bbdefault\u00bb global_colors_info=\u00bb{}\u00bb]<\/p>\n<ul>\n<li><a href=\"https:\/\/agroecologia.net\/\" target=\"_blank\" rel=\"noopener\"><img loading=\"lazy\" decoding=\"async\" src=\"https:\/\/economiasbioregionales.org\/wp-content\/uploads\/2024\/03\/logo-seae-principal-300x99.png\" alt=\"seae\" class=\"wp-image-941 alignnone size-medium\" width=\"300\" height=\"99\" \/><\/a><\/li>\n<li><a href=\"https:\/\/www.coop57.net\/\" target=\"_blank\" rel=\"noopener\"><img loading=\"lazy\" decoding=\"async\" src=\"https:\/\/economiasbioregionales.org\/wp-content\/uploads\/2024\/02\/coop.jpg\" alt=\"coop7\" class=\"wp-image-886 alignnone size-full\" width=\"200\" height=\"148\" \/><\/a><\/li>\n<li><a href=\"https:\/\/www.compostaenred.org\/\" target=\"_blank\" rel=\"noopener\"><img loading=\"lazy\" decoding=\"async\" src=\"https:\/\/economiasbioregionales.org\/wp-content\/uploads\/2024\/02\/composta_en_red-300x119.jpg\" alt=\"composta en red\" class=\"wp-image-885 alignnone size-medium\" width=\"300\" height=\"119\" srcset=\"https:\/\/economiasbioregionales.org\/wp-content\/uploads\/2024\/02\/composta_en_red-300x119.jpg 300w, https:\/\/economiasbioregionales.org\/wp-content\/uploads\/2024\/02\/composta_en_red.jpg 356w\" sizes=\"(max-width: 300px) 100vw, 300px\" \/><\/a><\/li>\n<li><a href=\"https:\/\/www.tierrasagroecologicas.es\/\" target=\"_blank\" rel=\"noopener\"><img loading=\"lazy\" decoding=\"async\" src=\"https:\/\/www.tierrasagroecologicas.es\/wp-content\/uploads\/2022\/07\/Red-Terrae-logo.png\" alt=\"\" srcset=\"https:\/\/www.tierrasagroecologicas.es\/wp-content\/uploads\/2022\/07\/Red-Terrae-logo.png 300w, https:\/\/www.tierrasagroecologicas.es\/wp-content\/uploads\/2022\/07\/Red-Terrae-logo-150x150.png 150w\" sizes=\"(max-width: 300px) 100vw, 300px\" class=\"et-waypoint et_pb_animation_top et_pb_animation_top_tablet et_pb_animation_top_phone wp-image-6830 et-animated\" width=\"300\" height=\"300\" \/><\/a><\/li>\n<\/ul>\n<p>[\/et_pb_text][\/et_pb_column][et_pb_column type=\u00bb1_2&#8243; _builder_version=\u00bb4.23&#8243; _module_preset=\u00bbdefault\u00bb global_colors_info=\u00bb{}\u00bb][et_pb_text _builder_version=\u00bb4.24.0&#8243; _module_preset=\u00bbca193ee9-c11a-4f70-83bb-26d05ff6f1c1&#8243; global_colors_info=\u00bb{}\u00bb]<\/p>\n<p>We are active in networks that promote decentralized urban, rural and agricultural composting, and we support Agro-ecology and Social and Solidarity Economics.<\/p>\n<p>[\/et_pb_text][\/et_pb_column][\/et_pb_row][et_pb_row _builder_version=\u00bb4.23&#8243; _module_preset=\u00bbdefault\u00bb global_colors_info=\u00bb{}\u00bb][et_pb_column type=\u00bb4_4&#8243; _builder_version=\u00bb4.23&#8243; _module_preset=\u00bbdefault\u00bb global_colors_info=\u00bb{}\u00bb][et_pb_text _builder_version=\u00bb4.23&#8243; _module_preset=\u00bbdefault\u00bb header_text_color=\u00bbgcid-b1d9d4d0-c3fa-4aee-98f0-6248a9f828a4&#8243; header_2_font=\u00bb|||on|||||\u00bb header_2_text_align=\u00bbcenter\u00bb header_2_text_color=\u00bbgcid-b1d9d4d0-c3fa-4aee-98f0-6248a9f828a4&#8243; border_width_bottom=\u00bb3px\u00bb border_color_bottom=\u00bbgcid-b1d9d4d0-c3fa-4aee-98f0-6248a9f828a4&#8243; global_colors_info=\u00bb{%22gcid-b1d9d4d0-c3fa-4aee-98f0-6248a9f828a4%22:%91%22header_text_color%22,%22header_2_text_color%22,%22border_color_bottom%22%93}\u00bb]<\/p>\n<h2>CONTACT<\/h2>\n<p>[\/et_pb_text][\/et_pb_column][\/et_pb_row][et_pb_row column_structure=\u00bb1_2,1_2&#8243; _builder_version=\u00bb4.23&#8243; _module_preset=\u00bbdefault\u00bb border_width_bottom=\u00bb3px\u00bb border_color_bottom=\u00bbgcid-b1d9d4d0-c3fa-4aee-98f0-6248a9f828a4&#8243; global_colors_info=\u00bb{%22gcid-b1d9d4d0-c3fa-4aee-98f0-6248a9f828a4%22:%91%22header_text_color%22,%22header_2_text_color%22,%22border_color_bottom%22%93}\u00bb][et_pb_column type=\u00bb1_2&#8243; _builder_version=\u00bb4.23&#8243; _module_preset=\u00bbdefault\u00bb global_colors_info=\u00bb{}\u00bb][et_pb_text _builder_version=\u00bb4.23&#8243; _module_preset=\u00bbca193ee9-c11a-4f70-83bb-26d05ff6f1c1&#8243; global_colors_info=\u00bb{}\u00bb]<\/p>\n<p>We design and foster circular economy, innovative food systems and fine-tune transition projects.<\/p>\n<p>[\/et_pb_text][et_pb_blurb title=\u00bbContacto general\u00bb use_icon=\u00bbon\u00bb font_icon=\u00bb&#xf0e0;||fa||900&#8243; icon_color=\u00bbgcid-b1d9d4d0-c3fa-4aee-98f0-6248a9f828a4&#8243; icon_placement=\u00bbleft\u00bb image_icon_width=\u00bb36px\u00bb _builder_version=\u00bb4.23&#8243; _module_preset=\u00bbdefault\u00bb header_level=\u00bbh3&#8243; header_font=\u00bbMontserrat||||||||\u00bb header_text_color=\u00bbgcid-b1d9d4d0-c3fa-4aee-98f0-6248a9f828a4&#8243; body_text_color=\u00bbgcid-b1d9d4d0-c3fa-4aee-98f0-6248a9f828a4&#8243; global_colors_info=\u00bb{%22gcid-b1d9d4d0-c3fa-4aee-98f0-6248a9f828a4%22:%91%22icon_color%22,%22header_text_color%22,%22body_text_color%22%93}\u00bb]<\/p>\n<div class=\"x9f619 x1n2onr6 x1ja2u2z x78zum5 x2lah0s x1nhvcw1 x1qjc9v5 xozqiw3 x1q0g3np xyamay9 xykv574 xbmpl8g x4cne27 xifccgj\">\n<div class=\"x9f619 x1n2onr6 x1ja2u2z x78zum5 xdt5ytf x2lah0s x193iq5w xeuugli xsyo7zv x16hj40l x10b6aqq x1yrsyyn\"><span class=\"x193iq5w xeuugli x13faqbe x1vvkbs xlh3980 xvmahel x1n0sxbx x1lliihq x1s928wv xhkezso x1gmr53x x1cpjm7i x1fgarty x1943h6x xudqn12 x3x7a5m x6prxxf xvq8zen xo1l8bm xzsf02u x1yc453h\" dir=\"auto\">info@economiasbioregionales.org<\/span><\/div>\n<\/div>\n<p>[\/et_pb_blurb][et_pb_blurb title=\u00bbServicios y proyectos\u00bb use_icon=\u00bbon\u00bb font_icon=\u00bb&#xf01c;||fa||900&#8243; icon_color=\u00bbgcid-b1d9d4d0-c3fa-4aee-98f0-6248a9f828a4&#8243; icon_placement=\u00bbleft\u00bb image_icon_width=\u00bb36px\u00bb _builder_version=\u00bb4.23&#8243; _module_preset=\u00bbdefault\u00bb header_level=\u00bbh3&#8243; header_font=\u00bbMontserrat||||||||\u00bb header_text_color=\u00bbgcid-b1d9d4d0-c3fa-4aee-98f0-6248a9f828a4&#8243; body_text_color=\u00bbgcid-b1d9d4d0-c3fa-4aee-98f0-6248a9f828a4&#8243; global_colors_info=\u00bb{%22gcid-b1d9d4d0-c3fa-4aee-98f0-6248a9f828a4%22:%91%22icon_color%22,%22header_text_color%22,%22body_text_color%22%93}\u00bb]<\/p>\n<div class=\"x9f619 x1n2onr6 x1ja2u2z x78zum5 x2lah0s x1nhvcw1 x1qjc9v5 xozqiw3 x1q0g3np xyamay9 xykv574 xbmpl8g x4cne27 xifccgj\">\n<div class=\"x9f619 x1n2onr6 x1ja2u2z x78zum5 xdt5ytf x2lah0s x193iq5w xeuugli xsyo7zv x16hj40l x10b6aqq x1yrsyyn\"><span class=\"x193iq5w xeuugli x13faqbe x1vvkbs xlh3980 xvmahel x1n0sxbx x1lliihq x1s928wv xhkezso x1gmr53x x1cpjm7i x1fgarty x1943h6x xudqn12 x3x7a5m x6prxxf xvq8zen xo1l8bm xzsf02u x1yc453h\" dir=\"auto\">coordinacion@economiasbioregionales.org<\/span><\/div>\n<\/div>\n<p>[\/et_pb_blurb][et_pb_blurb title=\u00bbComunicaci\u00f3n y Comunidad\u00bb use_icon=\u00bbon\u00bb font_icon=\u00bb&#xe065;||divi||400&#8243; icon_color=\u00bbgcid-b1d9d4d0-c3fa-4aee-98f0-6248a9f828a4&#8243; icon_placement=\u00bbleft\u00bb image_icon_width=\u00bb36px\u00bb _builder_version=\u00bb4.23&#8243; _module_preset=\u00bbdefault\u00bb header_level=\u00bbh3&#8243; header_font=\u00bbMontserrat||||||||\u00bb header_text_color=\u00bbgcid-b1d9d4d0-c3fa-4aee-98f0-6248a9f828a4&#8243; body_text_color=\u00bbgcid-b1d9d4d0-c3fa-4aee-98f0-6248a9f828a4&#8243; global_colors_info=\u00bb{%22gcid-b1d9d4d0-c3fa-4aee-98f0-6248a9f828a4%22:%91%22icon_color%22,%22header_text_color%22,%22body_text_color%22%93}\u00bb]<\/p>\n<div class=\"x9f619 x1n2onr6 x1ja2u2z x78zum5 x2lah0s x1nhvcw1 x1qjc9v5 xozqiw3 x1q0g3np xyamay9 xykv574 xbmpl8g x4cne27 xifccgj\">\n<div class=\"x9f619 x1n2onr6 x1ja2u2z x78zum5 xdt5ytf x2lah0s x193iq5w xeuugli xsyo7zv x16hj40l x10b6aqq x1yrsyyn\"><span class=\"x193iq5w xeuugli x13faqbe x1vvkbs xlh3980 xvmahel x1n0sxbx x1lliihq x1s928wv xhkezso x1gmr53x x1cpjm7i x1fgarty x1943h6x xudqn12 x3x7a5m x6prxxf xvq8zen xo1l8bm xzsf02u x1yc453h\" dir=\"auto\">comunicacion@economiasbioregionales.org<\/span><\/div>\n<\/div>\n<p>[\/et_pb_blurb][\/et_pb_column][et_pb_column type=\u00bb1_2&#8243; _builder_version=\u00bb4.23&#8243; _module_preset=\u00bbdefault\u00bb global_colors_info=\u00bb{}\u00bb][et_pb_contact_form captcha=\u00bboff\u00bb email=\u00bboshito.audiovisual@gmail.com\u00bb _builder_version=\u00bb4.23&#8243; _module_preset=\u00bbdefault\u00bb _unique_id=\u00bb6668f4ed-6fb4-41f4-80f9-e503cb2e37fd\u00bb form_field_font=\u00bbMontserrat||||||||\u00bb custom_button=\u00bbon\u00bb button_text_size=\u00bb14px\u00bb button_text_color=\u00bbgcid-b1d9d4d0-c3fa-4aee-98f0-6248a9f828a4&#8243; button_font=\u00bbMontserrat||||||||\u00bb global_colors_info=\u00bb{%22gcid-b1d9d4d0-c3fa-4aee-98f0-6248a9f828a4%22:%91%22button_text_color%22%93}\u00bb][et_pb_contact_field field_id=\u00bbName\u00bb field_title=\u00bbNombre\u00bb _builder_version=\u00bb4.16&#8243; global_colors_info=\u00bb{}\u00bb button_text_size__hover_enabled=\u00bboff\u00bb button_one_text_size__hover_enabled=\u00bboff\u00bb button_two_text_size__hover_enabled=\u00bboff\u00bb button_text_color__hover_enabled=\u00bboff\u00bb button_one_text_color__hover_enabled=\u00bboff\u00bb button_two_text_color__hover_enabled=\u00bboff\u00bb button_border_width__hover_enabled=\u00bboff\u00bb button_one_border_width__hover_enabled=\u00bboff\u00bb button_two_border_width__hover_enabled=\u00bboff\u00bb button_border_color__hover_enabled=\u00bboff\u00bb button_one_border_color__hover_enabled=\u00bboff\u00bb button_two_border_color__hover_enabled=\u00bboff\u00bb button_border_radius__hover_enabled=\u00bboff\u00bb button_one_border_radius__hover_enabled=\u00bboff\u00bb button_two_border_radius__hover_enabled=\u00bboff\u00bb button_letter_spacing__hover_enabled=\u00bboff\u00bb button_one_letter_spacing__hover_enabled=\u00bboff\u00bb button_two_letter_spacing__hover_enabled=\u00bboff\u00bb button_bg_color__hover_enabled=\u00bboff\u00bb button_one_bg_color__hover_enabled=\u00bboff\u00bb button_two_bg_color__hover_enabled=\u00bboff\u00bb][\/et_pb_contact_field][et_pb_contact_field field_id=\u00bbEmail\u00bb field_title=\u00bbDirecci\u00f3n de correo electr\u00f3nico\u00bb field_type=\u00bbemail\u00bb _builder_version=\u00bb4.16&#8243; global_colors_info=\u00bb{}\u00bb button_text_size__hover_enabled=\u00bboff\u00bb button_one_text_size__hover_enabled=\u00bboff\u00bb button_two_text_size__hover_enabled=\u00bboff\u00bb button_text_color__hover_enabled=\u00bboff\u00bb button_one_text_color__hover_enabled=\u00bboff\u00bb button_two_text_color__hover_enabled=\u00bboff\u00bb button_border_width__hover_enabled=\u00bboff\u00bb button_one_border_width__hover_enabled=\u00bboff\u00bb button_two_border_width__hover_enabled=\u00bboff\u00bb button_border_color__hover_enabled=\u00bboff\u00bb button_one_border_color__hover_enabled=\u00bboff\u00bb button_two_border_color__hover_enabled=\u00bboff\u00bb button_border_radius__hover_enabled=\u00bboff\u00bb button_one_border_radius__hover_enabled=\u00bboff\u00bb button_two_border_radius__hover_enabled=\u00bboff\u00bb button_letter_spacing__hover_enabled=\u00bboff\u00bb button_one_letter_spacing__hover_enabled=\u00bboff\u00bb button_two_letter_spacing__hover_enabled=\u00bboff\u00bb button_bg_color__hover_enabled=\u00bboff\u00bb button_one_bg_color__hover_enabled=\u00bboff\u00bb button_two_bg_color__hover_enabled=\u00bboff\u00bb][\/et_pb_contact_field][et_pb_contact_field field_id=\u00bbMessage\u00bb field_title=\u00bbMensaje\u00bb field_type=\u00bbtext\u00bb fullwidth_field=\u00bbon\u00bb _builder_version=\u00bb4.16&#8243; global_colors_info=\u00bb{}\u00bb button_text_size__hover_enabled=\u00bboff\u00bb button_one_text_size__hover_enabled=\u00bboff\u00bb button_two_text_size__hover_enabled=\u00bboff\u00bb button_text_color__hover_enabled=\u00bboff\u00bb button_one_text_color__hover_enabled=\u00bboff\u00bb button_two_text_color__hover_enabled=\u00bboff\u00bb button_border_width__hover_enabled=\u00bboff\u00bb button_one_border_width__hover_enabled=\u00bboff\u00bb button_two_border_width__hover_enabled=\u00bboff\u00bb button_border_color__hover_enabled=\u00bboff\u00bb button_one_border_color__hover_enabled=\u00bboff\u00bb button_two_border_color__hover_enabled=\u00bboff\u00bb button_border_radius__hover_enabled=\u00bboff\u00bb button_one_border_radius__hover_enabled=\u00bboff\u00bb button_two_border_radius__hover_enabled=\u00bboff\u00bb button_letter_spacing__hover_enabled=\u00bboff\u00bb button_one_letter_spacing__hover_enabled=\u00bboff\u00bb button_two_letter_spacing__hover_enabled=\u00bboff\u00bb button_bg_color__hover_enabled=\u00bboff\u00bb button_one_bg_color__hover_enabled=\u00bboff\u00bb button_two_bg_color__hover_enabled=\u00bboff\u00bb][\/et_pb_contact_field][\/et_pb_contact_form][et_pb_social_media_follow icon_color=\u00bbgcid-b1d9d4d0-c3fa-4aee-98f0-6248a9f828a4&#8243; use_icon_font_size=\u00bbon\u00bb icon_font_size=\u00bb26px\u00bb _builder_version=\u00bb4.24.0&#8243; _module_preset=\u00bbdefault\u00bb background_color=\u00bbRGBA(255,255,255,0)\u00bb text_orientation=\u00bbcenter\u00bb border_radii=\u00bbon|0px|0px|0px|0px\u00bb border_color_top=\u00bbgcid-b1d9d4d0-c3fa-4aee-98f0-6248a9f828a4&#8243; border_color_bottom=\u00bbgcid-b1d9d4d0-c3fa-4aee-98f0-6248a9f828a4&#8243; global_colors_info=\u00bb{%22gcid-b1d9d4d0-c3fa-4aee-98f0-6248a9f828a4%22:%91%22icon_color%22,%22border_color_top%22,%22border_color_bottom%22%93}\u00bb][et_pb_social_media_follow_network social_network=\u00bbfacebook\u00bb url=\u00bbhttps:\/\/www.facebook.com\/EconomiasBioRegionales\/\u00bb _builder_version=\u00bb4.23&#8243; _module_preset=\u00bbdefault\u00bb background_color=\u00bbRGBA(255,255,255,0)\u00bb background_enable_color=\u00bbon\u00bb global_colors_info=\u00bb{}\u00bb follow_button=\u00bboff\u00bb url_new_window=\u00bbon\u00bb]facebook[\/et_pb_social_media_follow_network][et_pb_social_media_follow_network social_network=\u00bbtwitter\u00bb url=\u00bbhttps:\/\/twitter.com\/Eco_BioReg\u00bb _builder_version=\u00bb4.23&#8243; _module_preset=\u00bbdefault\u00bb background_color=\u00bbRGBA(255,255,255,0)\u00bb background_enable_color=\u00bbon\u00bb global_colors_info=\u00bb{}\u00bb follow_button=\u00bboff\u00bb url_new_window=\u00bbon\u00bb]X[\/et_pb_social_media_follow_network][et_pb_social_media_follow_network social_network=\u00bbyoutube\u00bb url=\u00bbhttps:\/\/www.youtube.com\/channel\/UCiUc8dgDt48LKeTMXO3my8Q\u00bb _builder_version=\u00bb4.24.0&#8243; _module_preset=\u00bbdefault\u00bb background_enable_color=\u00bboff\u00bb global_colors_info=\u00bb{}\u00bb follow_button=\u00bboff\u00bb url_new_window=\u00bbon\u00bb]youtube[\/et_pb_social_media_follow_network][\/et_pb_social_media_follow][\/et_pb_column][\/et_pb_row][\/et_pb_section][et_pb_section fb_built=\u00bb1&#8243; _builder_version=\u00bb4.23&#8243; _module_preset=\u00bbdefault\u00bb background_image=\u00bbhttps:\/\/economiasbioregionales.org\/wp-content\/uploads\/2023\/12\/conscious-design-WshjU5cSNU8-unsplash-scaled.jpg\u00bb global_module=\u00bb837&#8243; saved_tabs=\u00bball\u00bb collapsed=\u00bbon\u00bb global_colors_info=\u00bb{}\u00bb][et_pb_row _builder_version=\u00bb4.23&#8243; _module_preset=\u00bbdefault\u00bb global_colors_info=\u00bb{}\u00bb][et_pb_column type=\u00bb4_4&#8243; _builder_version=\u00bb4.23&#8243; _module_preset=\u00bbdefault\u00bb global_colors_info=\u00bb{}\u00bb][et_pb_divider show_divider=\u00bboff\u00bb _builder_version=\u00bb4.23&#8243; _module_preset=\u00bbdefault\u00bb min_height=\u00bb210px\u00bb global_colors_info=\u00bb{}\u00bb][\/et_pb_divider][\/et_pb_column][\/et_pb_row][\/et_pb_section]<\/p>","protected":false},"excerpt":{"rendered":"<p>Econom\u00edas BioRegionales es una asociaci\u00f3n de \u00e1mbito estatal, que agrupa a profesionales y activistas de diferentes disciplinas implicados en la innovaci\u00f3n social. La asociaci\u00f3n, constituida en 2015, tiene por misi\u00f3n impulsar la econom\u00eda circular y los ciclos virtuosos, fundamentar e impulsar los procesos de transici\u00f3n agroecol\u00f3gica y construcci\u00f3n de soberan\u00eda alimentaria, energ\u00e9tica, financiera y monetaria que compensen y complementen los retos de desigualdad social e insostenibilidad que plantean los procesos globalizadores, intensivos en capital financiero, y que debilitan los procesos sociales y de desarrollo local. Sus objetivos son dinamizar la creaci\u00f3n, dise\u00f1o y orientaci\u00f3n de monedas alternativas en territorios de escala local y regional.<\/p>","protected":false},"author":2,"featured_media":312,"parent":0,"menu_order":0,"comment_status":"closed","ping_status":"closed","template":"","meta":{"_et_pb_use_builder":"on","_et_pb_old_content":"<p style=\"text-align: justify;\"><strong>ACTIVAR Y GOBERNAR EL BIORREGIONALISMO<\/strong><\/p><p style=\"text-align: justify;\">Somos una asociaci\u00f3n de \u00e1mbito estatal constituida en 2015 que agrupa a profesionales de diferentes disciplinas implicados en la innovaci\u00f3n alimentaria, social y econ\u00f3mica.<\/p><p style=\"text-align: justify;\"><a href=\"https:\/\/economiasbioregionales.org\/wp-content\/uploads\/2017\/12\/photo_2018-05-31_17-07-34.jpg\"><img class=\"wp-image-346 size-large aligncenter\" src=\"https:\/\/economiasbioregionales.org\/wp-content\/uploads\/2017\/12\/photo_2018-05-31_17-07-34-1024x768.jpg\" alt=\"photo_2018-05-31_17-07-34\" width=\"750\" height=\"563\" \/><\/a><\/p><p style=\"text-align: justify;\">Queremos impulsar la econom\u00eda circular y los ciclos virtuosos de los biorresiduos, fundamentar los procesos de transici\u00f3n agroecol\u00f3gica y energ\u00e9tica, e impulsar la innovaci\u00f3n financiera y monetaria que compensen y complementen los retos de desigualdad social e insostenibilidad ambiental que plantean los procesos globalizadores, intensivos en capital financiero, y que debilitan los procesos comunitarios y de desarrollo local.<\/p><p>\u00a0<\/p><p><a href=\"https:\/\/economiasbioregionales.org\/wp-content\/uploads\/2017\/12\/photo_2018-05-31_17-07-26.jpg\"><img class=\"aligncenter wp-image-347 size-large\" src=\"https:\/\/economiasbioregionales.org\/wp-content\/uploads\/2017\/12\/photo_2018-05-31_17-07-26-1024x768.jpg\" alt=\"\" width=\"750\" height=\"563\" \/><\/a><\/p><p>El medio de estimular este movimiento biorregionalista entendemos que pasa en primer lugar por facilitar y dinamizar procesos y redes biolocales en el encuentro entre ayuntamiento y movimientos sociales; y posteriormente asociaciones de desarrollo biorregional, de \u00e1mbito auton\u00f3mico o supra auton\u00f3mico, que integren a ayuntamientos y organizaciones, siguiendo la experiencia de concertaci\u00f3n del m\u00e9todo LEADER. Estas asociaciones, funcionando sobre principios sociocr\u00e1ticos, son los organismos m\u00e1s adecuados para emitir y conducir el despliegue de cambios biorregionales.<\/p><p>\u00a0<\/p><p><a href=\"https:\/\/economiasbioregionales.org\/wp-content\/uploads\/2017\/12\/Captura-de-pantalla-de-2018-02-26-16-47-10-e1519660321500.png\"><img class=\"aligncenter wp-image-312 size-large\" src=\"https:\/\/economiasbioregionales.org\/wp-content\/uploads\/2017\/12\/Captura-de-pantalla-de-2018-02-26-16-47-10-e1519660321500-1024x645.png\" alt=\"\" width=\"750\" height=\"472\" \/><\/a><\/p><p>La asociaci\u00f3n tiene por objetivos principales:<\/p><ul><li>Impulsar la investigaci\u00f3n aplicada y la formaci\u00f3n entorno a los conceptos de la econom\u00edas circular, ciclos virtuosos y el biorregionalismo.<\/li><li>Dinamizar la creaci\u00f3n de BioRedes locales organizadas entorno a monedas sociales y la econom\u00eda circular,<\/li><li>Integrar estos procesos locales en procesos de transici\u00f3n biorregionales, e impulsar las monedas sociales como herramienta para el aprovechamiento comunitario inteligente de los recursos infrautilizados.<\/li><li>Comunicar, informar y sensibilizar para empoderar a las comunidades.<\/li><\/ul><p>En el desarrollo de nuestra actividad mantenemos un enfoque de econom\u00eda ecol\u00f3gica, social, solidaria y feminista. Y contamos con proveedoras y socias que ponen en el centro a las personas y el cuidado del medio que nos sostiene.\u00e7<\/p><p>\u00a0<\/p><p><a href=\"https:\/\/economiasbioregionales.org\/wp-content\/uploads\/2022\/08\/photo1641908831.jpeg\"><img class=\"aligncenter wp-image-801 size-large\" src=\"https:\/\/economiasbioregionales.org\/wp-content\/uploads\/2022\/08\/photo1641908831-1024x768.jpeg\" alt=\"\" width=\"750\" height=\"563\" \/><\/a><\/p><p>\u00a0<\/p>","_et_gb_content_width":"","footnotes":""},"class_list":["post-236","page","type-page","status-publish","has-post-thumbnail","hentry"],"yoast_head":"<!-- This site is optimized with the Yoast SEO plugin v24.5 - https:\/\/yoast.com\/wordpress\/plugins\/seo\/ -->\n<title>Econom\u00edas BioRegionales<\/title>\n<meta name=\"description\" content=\"Trabajamos para activar el biorregionalismo y estimular la participaci\u00f3n en su gobernanza\" \/>\n<meta name=\"robots\" content=\"index, follow, max-snippet:-1, max-image-preview:large, max-video-preview:-1\" \/>\n<link rel=\"canonical\" href=\"https:\/\/economiasbioregionales.org\/en\/\" \/>\n<meta property=\"og:locale\" content=\"en_GB\" \/>\n<meta property=\"og:type\" content=\"article\" \/>\n<meta property=\"og:title\" content=\"Econom\u00edas BioRegionales\" \/>\n<meta property=\"og:description\" content=\"Trabajamos para activar el biorregionalismo y estimular la participaci\u00f3n en su gobernanza\" \/>\n<meta property=\"og:url\" content=\"https:\/\/economiasbioregionales.org\/en\/\" \/>\n<meta property=\"og:site_name\" content=\"Econom\u00edas BioRegionales\" \/>\n<meta property=\"article:publisher\" content=\"https:\/\/www.facebook.com\/EconomiasBioRegionales\/\" \/>\n<meta property=\"article:modified_time\" content=\"2024-09-26T06:21:33+00:00\" \/>\n<meta property=\"og:image\" content=\"https:\/\/economiasbioregionales.org\/wp-content\/uploads\/2017\/12\/Captura-de-pantalla-de-2018-02-26-16-47-10-e1519660321500.png\" \/>\n\t<meta property=\"og:image:width\" content=\"1165\" \/>\n\t<meta property=\"og:image:height\" content=\"734\" \/>\n\t<meta property=\"og:image:type\" content=\"image\/png\" \/>\n<meta name=\"twitter:card\" content=\"summary_large_image\" \/>\n<meta name=\"twitter:site\" content=\"@E_BioReg\" \/>\n<meta name=\"twitter:label1\" content=\"Estimated reading time\" \/>\n\t<meta name=\"twitter:data1\" content=\"3 minutes\" \/>\n<script type=\"application\/ld+json\" class=\"yoast-schema-graph\">{\"@context\":\"https:\/\/schema.org\",\"@graph\":[{\"@type\":\"WebPage\",\"@id\":\"https:\/\/economiasbioregionales.org\/\",\"url\":\"https:\/\/economiasbioregionales.org\/\",\"name\":\"Econom\u00edas BioRegionales\",\"isPartOf\":{\"@id\":\"https:\/\/economiasbioregionales.org\/#website\"},\"primaryImageOfPage\":{\"@id\":\"https:\/\/economiasbioregionales.org\/#primaryimage\"},\"image\":{\"@id\":\"https:\/\/economiasbioregionales.org\/#primaryimage\"},\"thumbnailUrl\":\"https:\/\/economiasbioregionales.org\/wp-content\/uploads\/2017\/12\/Captura-de-pantalla-de-2018-02-26-16-47-10-e1519660321500.png\",\"datePublished\":\"2017-10-18T19:12:31+00:00\",\"dateModified\":\"2024-09-26T06:21:33+00:00\",\"description\":\"Trabajamos para activar el biorregionalismo y estimular la participaci\u00f3n en su gobernanza\",\"breadcrumb\":{\"@id\":\"https:\/\/economiasbioregionales.org\/#breadcrumb\"},\"inLanguage\":\"en-GB\",\"potentialAction\":[{\"@type\":\"ReadAction\",\"target\":[\"https:\/\/economiasbioregionales.org\/\"]}]},{\"@type\":\"ImageObject\",\"inLanguage\":\"en-GB\",\"@id\":\"https:\/\/economiasbioregionales.org\/#primaryimage\",\"url\":\"https:\/\/economiasbioregionales.org\/wp-content\/uploads\/2017\/12\/Captura-de-pantalla-de-2018-02-26-16-47-10-e1519660321500.png\",\"contentUrl\":\"https:\/\/economiasbioregionales.org\/wp-content\/uploads\/2017\/12\/Captura-de-pantalla-de-2018-02-26-16-47-10-e1519660321500.png\",\"width\":1165,\"height\":734},{\"@type\":\"BreadcrumbList\",\"@id\":\"https:\/\/economiasbioregionales.org\/#breadcrumb\",\"itemListElement\":[{\"@type\":\"ListItem\",\"position\":1,\"name\":\"EBR\",\"item\":\"https:\/\/economiasbioregionales.org\/\"},{\"@type\":\"ListItem\",\"position\":2,\"name\":\"EQUIPO\"}]},{\"@type\":\"WebSite\",\"@id\":\"https:\/\/economiasbioregionales.org\/#website\",\"url\":\"https:\/\/economiasbioregionales.org\/\",\"name\":\"Econom\u00edas BioRegionales\",\"description\":\"Econom\u00eda circular, sistemas alimentarios locales, monedas sociales, comunicaci\u00f3n y comunidad\",\"publisher\":{\"@id\":\"https:\/\/economiasbioregionales.org\/#organization\"},\"potentialAction\":[{\"@type\":\"SearchAction\",\"target\":{\"@type\":\"EntryPoint\",\"urlTemplate\":\"https:\/\/economiasbioregionales.org\/?s={search_term_string}\"},\"query-input\":{\"@type\":\"PropertyValueSpecification\",\"valueRequired\":true,\"valueName\":\"search_term_string\"}}],\"inLanguage\":\"en-GB\"},{\"@type\":\"Organization\",\"@id\":\"https:\/\/economiasbioregionales.org\/#organization\",\"name\":\"Econom\u00edas BioRegionales\",\"url\":\"https:\/\/economiasbioregionales.org\/\",\"logo\":{\"@type\":\"ImageObject\",\"inLanguage\":\"en-GB\",\"@id\":\"https:\/\/economiasbioregionales.org\/#\/schema\/logo\/image\/\",\"url\":\"https:\/\/economiasbioregionales.org\/wp-content\/uploads\/2017\/11\/eBR_cabecera-e1515058375551.png\",\"contentUrl\":\"https:\/\/economiasbioregionales.org\/wp-content\/uploads\/2017\/11\/eBR_cabecera-e1515058375551.png\",\"width\":361,\"height\":168,\"caption\":\"Econom\u00edas BioRegionales\"},\"image\":{\"@id\":\"https:\/\/economiasbioregionales.org\/#\/schema\/logo\/image\/\"},\"sameAs\":[\"https:\/\/www.facebook.com\/EconomiasBioRegionales\/\",\"https:\/\/x.com\/E_BioReg\",\"https:\/\/www.linkedin.com\/company\/economiaseioregionales\/\"]}]}<\/script>\n<!-- \/ Yoast SEO plugin. -->","yoast_head_json":{"title":"Econom\u00edas BioRegionales","description":"Trabajamos para activar el biorregionalismo y estimular la participaci\u00f3n en su gobernanza","robots":{"index":"index","follow":"follow","max-snippet":"max-snippet:-1","max-image-preview":"max-image-preview:large","max-video-preview":"max-video-preview:-1"},"canonical":"https:\/\/economiasbioregionales.org\/en\/","og_locale":"en_GB","og_type":"article","og_title":"Econom\u00edas BioRegionales","og_description":"Trabajamos para activar el biorregionalismo y estimular la participaci\u00f3n en su gobernanza","og_url":"https:\/\/economiasbioregionales.org\/en\/","og_site_name":"Econom\u00edas BioRegionales","article_publisher":"https:\/\/www.facebook.com\/EconomiasBioRegionales\/","article_modified_time":"2024-09-26T06:21:33+00:00","og_image":[{"width":1165,"height":734,"url":"https:\/\/economiasbioregionales.org\/wp-content\/uploads\/2017\/12\/Captura-de-pantalla-de-2018-02-26-16-47-10-e1519660321500.png","type":"image\/png"}],"twitter_card":"summary_large_image","twitter_site":"@E_BioReg","twitter_misc":{"Estimated reading time":"3 minutes"},"schema":{"@context":"https:\/\/schema.org","@graph":[{"@type":"WebPage","@id":"https:\/\/economiasbioregionales.org\/","url":"https:\/\/economiasbioregionales.org\/","name":"Econom\u00edas BioRegionales","isPartOf":{"@id":"https:\/\/economiasbioregionales.org\/#website"},"primaryImageOfPage":{"@id":"https:\/\/economiasbioregionales.org\/#primaryimage"},"image":{"@id":"https:\/\/economiasbioregionales.org\/#primaryimage"},"thumbnailUrl":"https:\/\/economiasbioregionales.org\/wp-content\/uploads\/2017\/12\/Captura-de-pantalla-de-2018-02-26-16-47-10-e1519660321500.png","datePublished":"2017-10-18T19:12:31+00:00","dateModified":"2024-09-26T06:21:33+00:00","description":"Trabajamos para activar el biorregionalismo y estimular la participaci\u00f3n en su gobernanza","breadcrumb":{"@id":"https:\/\/economiasbioregionales.org\/#breadcrumb"},"inLanguage":"en-GB","potentialAction":[{"@type":"ReadAction","target":["https:\/\/economiasbioregionales.org\/"]}]},{"@type":"ImageObject","inLanguage":"en-GB","@id":"https:\/\/economiasbioregionales.org\/#primaryimage","url":"https:\/\/economiasbioregionales.org\/wp-content\/uploads\/2017\/12\/Captura-de-pantalla-de-2018-02-26-16-47-10-e1519660321500.png","contentUrl":"https:\/\/economiasbioregionales.org\/wp-content\/uploads\/2017\/12\/Captura-de-pantalla-de-2018-02-26-16-47-10-e1519660321500.png","width":1165,"height":734},{"@type":"BreadcrumbList","@id":"https:\/\/economiasbioregionales.org\/#breadcrumb","itemListElement":[{"@type":"ListItem","position":1,"name":"EBR","item":"https:\/\/economiasbioregionales.org\/"},{"@type":"ListItem","position":2,"name":"EQUIPO"}]},{"@type":"WebSite","@id":"https:\/\/economiasbioregionales.org\/#website","url":"https:\/\/economiasbioregionales.org\/","name":"Econom\u00edas BioRegionales","description":"Econom\u00eda circular, sistemas alimentarios locales, monedas sociales, comunicaci\u00f3n y comunidad","publisher":{"@id":"https:\/\/economiasbioregionales.org\/#organization"},"potentialAction":[{"@type":"SearchAction","target":{"@type":"EntryPoint","urlTemplate":"https:\/\/economiasbioregionales.org\/?s={search_term_string}"},"query-input":{"@type":"PropertyValueSpecification","valueRequired":true,"valueName":"search_term_string"}}],"inLanguage":"en-GB"},{"@type":"Organization","@id":"https:\/\/economiasbioregionales.org\/#organization","name":"Econom\u00edas BioRegionales","url":"https:\/\/economiasbioregionales.org\/","logo":{"@type":"ImageObject","inLanguage":"en-GB","@id":"https:\/\/economiasbioregionales.org\/#\/schema\/logo\/image\/","url":"https:\/\/economiasbioregionales.org\/wp-content\/uploads\/2017\/11\/eBR_cabecera-e1515058375551.png","contentUrl":"https:\/\/economiasbioregionales.org\/wp-content\/uploads\/2017\/11\/eBR_cabecera-e1515058375551.png","width":361,"height":168,"caption":"Econom\u00edas BioRegionales"},"image":{"@id":"https:\/\/economiasbioregionales.org\/#\/schema\/logo\/image\/"},"sameAs":["https:\/\/www.facebook.com\/EconomiasBioRegionales\/","https:\/\/x.com\/E_BioReg","https:\/\/www.linkedin.com\/company\/economiaseioregionales\/"]}]}},"_links":{"self":[{"href":"https:\/\/economiasbioregionales.org\/en\/wp-json\/wp\/v2\/pages\/236","targetHints":{"allow":["GET"]}}],"collection":[{"href":"https:\/\/economiasbioregionales.org\/en\/wp-json\/wp\/v2\/pages"}],"about":[{"href":"https:\/\/economiasbioregionales.org\/en\/wp-json\/wp\/v2\/types\/page"}],"author":[{"embeddable":true,"href":"https:\/\/economiasbioregionales.org\/en\/wp-json\/wp\/v2\/users\/2"}],"replies":[{"embeddable":true,"href":"https:\/\/economiasbioregionales.org\/en\/wp-json\/wp\/v2\/comments?post=236"}],"version-history":[{"count":49,"href":"https:\/\/economiasbioregionales.org\/en\/wp-json\/wp\/v2\/pages\/236\/revisions"}],"predecessor-version":[{"id":1145,"href":"https:\/\/economiasbioregionales.org\/en\/wp-json\/wp\/v2\/pages\/236\/revisions\/1145"}],"wp:featuredmedia":[{"embeddable":true,"href":"https:\/\/economiasbioregionales.org\/en\/wp-json\/wp\/v2\/media\/312"}],"wp:attachment":[{"href":"https:\/\/economiasbioregionales.org\/en\/wp-json\/wp\/v2\/media?parent=236"}],"curies":[{"name":"wp","href":"https:\/\/api.w.org\/{rel}","templated":true}]}}